{"id":240,"date":"2022-05-30T10:30:17","date_gmt":"2022-05-30T10:30:17","guid":{"rendered":"https:\/\/modrent.travelerwp.com\/?page_id=240"},"modified":"2025-10-04T16:12:37","modified_gmt":"2025-10-04T15:12:37","slug":"home","status":"publish","type":"page","link":"https:\/\/www.jahorinatravel.com\/en\/","title":{"rendered":"Home"},"content":{"rendered":"\t\t<div data-elementor-type=\"wp-page\" data-elementor-id=\"240\" class=\"elementor elementor-240\">\n\t\t\t\t<div class=\"elementor-element elementor-element-b9d4dda e-flex e-con-boxed e-con e-parent\" data-id=\"b9d4dda\" data-element_type=\"container\">\n\t\t\t\t\t<div class=\"e-con-inner\">\n\t\t<div class=\"elementor-element elementor-element-a997f76 e-con-full e-flex e-con e-child\" data-id=\"a997f76\" data-element_type=\"container\">\n\t\t\t\t<div class=\"elementor-element elementor-element-16cd8d7 elementor-widget elementor-widget-upk-camux-slider\" data-id=\"16cd8d7\" data-element_type=\"widget\" data-widget_type=\"upk-camux-slider.default\">\n\t\t\t\t\t\t\t<div class=\"upk-camux-slider-wrap\">\n\t\t\t\t\t<div id=\"upk-camux-slider-16cd8d7\" class=\"upk-camux-slider\" data-settings=\"{&quot;autoplay&quot;:{&quot;delay&quot;:5000},&quot;loop&quot;:true,&quot;speed&quot;:500,&quot;effect&quot;:&quot;fade&quot;,&quot;fadeEffect&quot;:{&quot;crossFade&quot;:true},&quot;lazy&quot;:{&quot;loadPrevNext&quot;:&quot;true&quot;},&quot;parallax&quot;:true,&quot;slidesPerView&quot;:1,&quot;loopedSlides&quot;:4,&quot;navigation&quot;:{&quot;nextEl&quot;:&quot;#upk-camux-slider-16cd8d7 .upk-navigation-next&quot;,&quot;prevEl&quot;:&quot;#upk-camux-slider-16cd8d7 .upk-navigation-prev&quot;}}\">\n\t\t\t<div class=\"swiper-carousel swiper\">\n\t\t\t\t<div class=\"swiper-wrapper\">\n\t\t\t\t\t\t<div class=\"upk-item swiper-slide\">\n\t\t\t<div class=\"upk-img-wrap\">\n\t\t\t\t<img fetchpriority=\"high\" decoding=\"async\" width=\"825\" height=\"550\" src=\"https:\/\/www.jahorinatravel.com\/wp-content\/uploads\/2025\/12\/skijanje-jahorina-12-2025b.jpg\" class=\"upk-img\" alt=\"Winter season opens on Jahorina with over 5,000 skiers, concerts, and night skiing\" srcset=\"https:\/\/www.jahorinatravel.com\/wp-content\/uploads\/2025\/12\/skijanje-jahorina-12-2025b.jpg 825w, https:\/\/www.jahorinatravel.com\/wp-content\/uploads\/2025\/12\/skijanje-jahorina-12-2025b-768x512.jpg 768w, https:\/\/www.jahorinatravel.com\/wp-content\/uploads\/2025\/12\/skijanje-jahorina-12-2025b-600x400.jpg 600w\" sizes=\"(max-width: 825px) 100vw, 825px\" \/>\t\t\t<\/div>\n\n\t\t\t<div class=\"upk-content\">\n\n\t\t\t\t\t\t\t\t\t<div data-swiper-parallax-y=\"-150\" data-swiper-parallax-duration=\"700\">\n\t\t\t\t\t\t\t\t<div class=\"upk-category\">\n\t\t\t<a href=\"https:\/\/www.jahorinatravel.com\/en\/category\/novosti\/\">News<\/a>\t\t<\/div>\n\t\t\t\t\t\t<\/div>\n\t\t\t\t\n\t\t\t\t\t\t\t\t\t<div data-swiper-parallax-y=\"-100\" data-swiper-parallax-duration=\"800\">\n\t\t\t\t\t\t<h3 class=\"upk-title\"><a href=\"https:\/\/www.jahorinatravel.com\/en\/zimska-sezona-na-jahorini-otvorena-uz-vise-od-5-000-skijasa-koncerte-i-nocno-skijanje\/\" title=\"Winter season opens on Jahorina with over 5,000 skiers, concerts, and night skiing\" class=\"title-animation-\" >Winter season opens on Jahorina with over 5,000 skiers, concerts, and night skiing<\/a><\/h3>\t\t\t\t\t<\/div>\n\t\t\t\t\n\t\t\t\t\n\t\t\t\t\t\t\t\t\t<div class=\"upk-meta\" data-swiper-parallax-y=\"-50\" data-swiper-parallax-duration=\"1000\">\n\t\t\t\t\t\t\t\t\t\t\t\t\t\t\t\t\t\t<div data-separator=\"\/\/\">\n\t\t\t\t\t\t\t\t\t<div class=\"upk-date\">\n\t\t\tMonday December 15th, 2025\t\t<\/div>\n\n\t\t\t\t\t\t\t\t\t<\/div>\n\t\t\t\t\t\t\t\t\t\t\t\t\t\t\t\t\t<\/div>\n\t\t\t\t\n\t\t\t<\/div>\n\t\t<\/div>\n\t\t\t<div class=\"upk-item swiper-slide\">\n\t\t\t<div class=\"upk-img-wrap\">\n\t\t\t\t<img decoding=\"async\" width=\"825\" height=\"550\" src=\"https:\/\/www.jahorinatravel.com\/wp-content\/uploads\/2025\/12\/cika-elek.jpg\" class=\"upk-img\" alt=\"One ski pass, multiple mountains: Jahorina and Ski resorts of Serbia connect the region\" srcset=\"https:\/\/www.jahorinatravel.com\/wp-content\/uploads\/2025\/12\/cika-elek.jpg 825w, https:\/\/www.jahorinatravel.com\/wp-content\/uploads\/2025\/12\/cika-elek-768x512.jpg 768w, https:\/\/www.jahorinatravel.com\/wp-content\/uploads\/2025\/12\/cika-elek-600x400.jpg 600w\" sizes=\"(max-width: 825px) 100vw, 825px\" \/>\t\t\t<\/div>\n\n\t\t\t<div class=\"upk-content\">\n\n\t\t\t\t\t\t\t\t\t<div data-swiper-parallax-y=\"-150\" data-swiper-parallax-duration=\"700\">\n\t\t\t\t\t\t\t\t<div class=\"upk-category\">\n\t\t\t<a href=\"https:\/\/www.jahorinatravel.com\/en\/category\/novosti\/\">News<\/a>\t\t<\/div>\n\t\t\t\t\t\t<\/div>\n\t\t\t\t\n\t\t\t\t\t\t\t\t\t<div data-swiper-parallax-y=\"-100\" data-swiper-parallax-duration=\"800\">\n\t\t\t\t\t\t<h3 class=\"upk-title\"><a href=\"https:\/\/www.jahorinatravel.com\/en\/jedna-ski-karta-vise-planina-jahorina-i-skijalista-srbije-povezuju-skijaske-centre-regiona\/\" title=\"One ski pass, multiple mountains: Jahorina and Ski resorts of Serbia connect the region\" class=\"title-animation-\" >One ski pass, multiple mountains: Jahorina and Ski resorts of Serbia connect the region<\/a><\/h3>\t\t\t\t\t<\/div>\n\t\t\t\t\n\t\t\t\t\n\t\t\t\t\t\t\t\t\t<div class=\"upk-meta\" data-swiper-parallax-y=\"-50\" data-swiper-parallax-duration=\"1000\">\n\t\t\t\t\t\t\t\t\t\t\t\t\t\t\t\t\t\t<div data-separator=\"\/\/\">\n\t\t\t\t\t\t\t\t\t<div class=\"upk-date\">\n\t\t\tTuesday December  9th, 2025\t\t<\/div>\n\n\t\t\t\t\t\t\t\t\t<\/div>\n\t\t\t\t\t\t\t\t\t\t\t\t\t\t\t\t\t<\/div>\n\t\t\t\t\n\t\t\t<\/div>\n\t\t<\/div>\n\t\t\t<div class=\"upk-item swiper-slide\">\n\t\t\t<div class=\"upk-img-wrap\">\n\t\t\t\t<img decoding=\"async\" width=\"825\" height=\"550\" src=\"https:\/\/www.jahorinatravel.com\/wp-content\/uploads\/2025\/12\/spasavanje-vjezba-2025c.jpg\" class=\"upk-img\" alt=\"Safety comes first: Successful rescue exercise conducted on Jahorina\u2019s Ogorjelica\" srcset=\"https:\/\/www.jahorinatravel.com\/wp-content\/uploads\/2025\/12\/spasavanje-vjezba-2025c.jpg 825w, https:\/\/www.jahorinatravel.com\/wp-content\/uploads\/2025\/12\/spasavanje-vjezba-2025c-768x512.jpg 768w, https:\/\/www.jahorinatravel.com\/wp-content\/uploads\/2025\/12\/spasavanje-vjezba-2025c-600x400.jpg 600w\" sizes=\"(max-width: 825px) 100vw, 825px\" \/>\t\t\t<\/div>\n\n\t\t\t<div class=\"upk-content\">\n\n\t\t\t\t\t\t\t\t\t<div data-swiper-parallax-y=\"-150\" data-swiper-parallax-duration=\"700\">\n\t\t\t\t\t\t\t\t<div class=\"upk-category\">\n\t\t\t<a href=\"https:\/\/www.jahorinatravel.com\/en\/category\/novosti\/\">News<\/a>\t\t<\/div>\n\t\t\t\t\t\t<\/div>\n\t\t\t\t\n\t\t\t\t\t\t\t\t\t<div data-swiper-parallax-y=\"-100\" data-swiper-parallax-duration=\"800\">\n\t\t\t\t\t\t<h3 class=\"upk-title\"><a href=\"https:\/\/www.jahorinatravel.com\/en\/bezbijednost-na-prvom-mjestu-na-jahorini-uspjesno-izvedena-vjezba-spasavanja-na-ogorjelici\/\" title=\"Safety comes first: Successful rescue exercise conducted on Jahorina\u2019s Ogorjelica\" class=\"title-animation-\" >Safety comes first: Successful rescue exercise conducted on Jahorina\u2019s Ogorjelica<\/a><\/h3>\t\t\t\t\t<\/div>\n\t\t\t\t\n\t\t\t\t\n\t\t\t\t\t\t\t\t\t<div class=\"upk-meta\" data-swiper-parallax-y=\"-50\" data-swiper-parallax-duration=\"1000\">\n\t\t\t\t\t\t\t\t\t\t\t\t\t\t\t\t\t\t<div data-separator=\"\/\/\">\n\t\t\t\t\t\t\t\t\t<div class=\"upk-date\">\n\t\t\tTuesday December  9th, 2025\t\t<\/div>\n\n\t\t\t\t\t\t\t\t\t<\/div>\n\t\t\t\t\t\t\t\t\t\t\t\t\t\t\t\t\t<\/div>\n\t\t\t\t\n\t\t\t<\/div>\n\t\t<\/div>\n\t\t\t<div class=\"upk-item swiper-slide\">\n\t\t\t<div class=\"upk-img-wrap\">\n\t\t\t\t<img loading=\"lazy\" decoding=\"async\" width=\"825\" height=\"464\" src=\"https:\/\/www.jahorinatravel.com\/wp-content\/uploads\/2025\/12\/skijanje-jahorina-3-12-2025.jpg\" class=\"upk-img\" alt=\"Winter season on Jahorina officially open: Skiing, discounts and a rich offer\" srcset=\"https:\/\/www.jahorinatravel.com\/wp-content\/uploads\/2025\/12\/skijanje-jahorina-3-12-2025.jpg 825w, https:\/\/www.jahorinatravel.com\/wp-content\/uploads\/2025\/12\/skijanje-jahorina-3-12-2025-768x431.jpg 768w, https:\/\/www.jahorinatravel.com\/wp-content\/uploads\/2025\/12\/skijanje-jahorina-3-12-2025-600x337.jpg 600w\" sizes=\"(max-width: 825px) 100vw, 825px\" \/>\t\t\t<\/div>\n\n\t\t\t<div class=\"upk-content\">\n\n\t\t\t\t\t\t\t\t\t<div data-swiper-parallax-y=\"-150\" data-swiper-parallax-duration=\"700\">\n\t\t\t\t\t\t\t\t<div class=\"upk-category\">\n\t\t\t<a href=\"https:\/\/www.jahorinatravel.com\/en\/category\/novosti\/\">News<\/a>\t\t<\/div>\n\t\t\t\t\t\t<\/div>\n\t\t\t\t\n\t\t\t\t\t\t\t\t\t<div data-swiper-parallax-y=\"-100\" data-swiper-parallax-duration=\"800\">\n\t\t\t\t\t\t<h3 class=\"upk-title\"><a href=\"https:\/\/www.jahorinatravel.com\/en\/zimska-sezona-na-jahorini-zvanicno-otvorena-skijanje-popusti-i-bogata-ponuda\/\" title=\"Winter season on Jahorina officially open: Skiing, discounts and a rich offer\" class=\"title-animation-\" >Winter season on Jahorina officially open: Skiing, discounts and a rich offer<\/a><\/h3>\t\t\t\t\t<\/div>\n\t\t\t\t\n\t\t\t\t\n\t\t\t\t\t\t\t\t\t<div class=\"upk-meta\" data-swiper-parallax-y=\"-50\" data-swiper-parallax-duration=\"1000\">\n\t\t\t\t\t\t\t\t\t\t\t\t\t\t\t\t\t\t<div data-separator=\"\/\/\">\n\t\t\t\t\t\t\t\t\t<div class=\"upk-date\">\n\t\t\tWednesday December  3rd, 2025\t\t<\/div>\n\n\t\t\t\t\t\t\t\t\t<\/div>\n\t\t\t\t\t\t\t\t\t\t\t\t\t\t\t\t\t<\/div>\n\t\t\t\t\n\t\t\t<\/div>\n\t\t<\/div>\n\t\t\t<div class=\"upk-item swiper-slide\">\n\t\t\t<div class=\"upk-img-wrap\">\n\t\t\t\t<img loading=\"lazy\" decoding=\"async\" width=\"825\" height=\"464\" src=\"https:\/\/www.jahorinatravel.com\/wp-content\/uploads\/2025\/11\/trebevic.jpg\" class=\"upk-img\" alt=\"Sea of fog and the mountain peaks of Jahorina, Trebevi\u0107, and Romanija\" srcset=\"https:\/\/www.jahorinatravel.com\/wp-content\/uploads\/2025\/11\/trebevic.jpg 825w, https:\/\/www.jahorinatravel.com\/wp-content\/uploads\/2025\/11\/trebevic-768x431.jpg 768w, https:\/\/www.jahorinatravel.com\/wp-content\/uploads\/2025\/11\/trebevic-600x337.jpg 600w\" sizes=\"(max-width: 825px) 100vw, 825px\" \/>\t\t\t<\/div>\n\n\t\t\t<div class=\"upk-content\">\n\n\t\t\t\t\t\t\t\t\t<div data-swiper-parallax-y=\"-150\" data-swiper-parallax-duration=\"700\">\n\t\t\t\t\t\t\t\t<div class=\"upk-category\">\n\t\t\t<a href=\"https:\/\/www.jahorinatravel.com\/en\/category\/priroda\/\">Nature<\/a>\t\t<\/div>\n\t\t\t\t\t\t<\/div>\n\t\t\t\t\n\t\t\t\t\t\t\t\t\t<div data-swiper-parallax-y=\"-100\" data-swiper-parallax-duration=\"800\">\n\t\t\t\t\t\t<h3 class=\"upk-title\"><a href=\"https:\/\/www.jahorinatravel.com\/en\/more-magle-i-planinski-vrhovi-jahorine-trebevica-romanije\/\" title=\"Sea of fog and the mountain peaks of Jahorina, Trebevi\u0107, and Romanija\" class=\"title-animation-\" >Sea of fog and the mountain peaks of Jahorina, Trebevi\u0107, and Romanija<\/a><\/h3>\t\t\t\t\t<\/div>\n\t\t\t\t\n\t\t\t\t\n\t\t\t\t\t\t\t\t\t<div class=\"upk-meta\" data-swiper-parallax-y=\"-50\" data-swiper-parallax-duration=\"1000\">\n\t\t\t\t\t\t\t\t\t\t\t\t\t\t\t\t\t\t<div data-separator=\"\/\/\">\n\t\t\t\t\t\t\t\t\t<div class=\"upk-date\">\n\t\t\tSunday November 30th, 2025\t\t<\/div>\n\n\t\t\t\t\t\t\t\t\t<\/div>\n\t\t\t\t\t\t\t\t\t\t\t\t\t\t\t\t\t<\/div>\n\t\t\t\t\n\t\t\t<\/div>\n\t\t<\/div>\n\t\t\t<div class=\"upk-item swiper-slide\">\n\t\t\t<div class=\"upk-img-wrap\">\n\t\t\t\t<img loading=\"lazy\" decoding=\"async\" width=\"825\" height=\"464\" src=\"https:\/\/www.jahorinatravel.com\/wp-content\/uploads\/2025\/11\/jahorina-panorama.jpg\" class=\"upk-img\" alt=\"Ski friday on Jahorina: Major discounts and a spectacular season opening\" srcset=\"https:\/\/www.jahorinatravel.com\/wp-content\/uploads\/2025\/11\/jahorina-panorama.jpg 825w, https:\/\/www.jahorinatravel.com\/wp-content\/uploads\/2025\/11\/jahorina-panorama-768x431.jpg 768w, https:\/\/www.jahorinatravel.com\/wp-content\/uploads\/2025\/11\/jahorina-panorama-600x337.jpg 600w\" sizes=\"(max-width: 825px) 100vw, 825px\" \/>\t\t\t<\/div>\n\n\t\t\t<div class=\"upk-content\">\n\n\t\t\t\t\t\t\t\t\t<div data-swiper-parallax-y=\"-150\" data-swiper-parallax-duration=\"700\">\n\t\t\t\t\t\t\t\t<div class=\"upk-category\">\n\t\t\t<a href=\"https:\/\/www.jahorinatravel.com\/en\/category\/novosti\/\">News<\/a>\t\t<\/div>\n\t\t\t\t\t\t<\/div>\n\t\t\t\t\n\t\t\t\t\t\t\t\t\t<div data-swiper-parallax-y=\"-100\" data-swiper-parallax-duration=\"800\">\n\t\t\t\t\t\t<h3 class=\"upk-title\"><a href=\"https:\/\/www.jahorinatravel.com\/en\/ski-petak-na-jahorini-veliki-popusti-i-spektakularno-otvaranje-sezone\/\" title=\"Ski friday on Jahorina: Major discounts and a spectacular season opening\" class=\"title-animation-\" >Ski friday on Jahorina: Major discounts and a spectacular season opening<\/a><\/h3>\t\t\t\t\t<\/div>\n\t\t\t\t\n\t\t\t\t\n\t\t\t\t\t\t\t\t\t<div class=\"upk-meta\" data-swiper-parallax-y=\"-50\" data-swiper-parallax-duration=\"1000\">\n\t\t\t\t\t\t\t\t\t\t\t\t\t\t\t\t\t\t<div data-separator=\"\/\/\">\n\t\t\t\t\t\t\t\t\t<div class=\"upk-date\">\n\t\t\tTuesday November 25th, 2025\t\t<\/div>\n\n\t\t\t\t\t\t\t\t\t<\/div>\n\t\t\t\t\t\t\t\t\t\t\t\t\t\t\t\t\t<\/div>\n\t\t\t\t\n\t\t\t<\/div>\n\t\t<\/div>\n\t\t\t<div class=\"upk-item swiper-slide\">\n\t\t\t<div class=\"upk-img-wrap\">\n\t\t\t\t<img loading=\"lazy\" decoding=\"async\" width=\"825\" height=\"464\" src=\"https:\/\/www.jahorinatravel.com\/wp-content\/uploads\/2025\/11\/vrelo-miljacke.jpg\" class=\"upk-img\" alt=\"Vrelo Miljacke: A hidden gem of Pale on the slopes of Ravna Planina\" srcset=\"https:\/\/www.jahorinatravel.com\/wp-content\/uploads\/2025\/11\/vrelo-miljacke.jpg 825w, https:\/\/www.jahorinatravel.com\/wp-content\/uploads\/2025\/11\/vrelo-miljacke-768x431.jpg 768w, https:\/\/www.jahorinatravel.com\/wp-content\/uploads\/2025\/11\/vrelo-miljacke-600x337.jpg 600w\" sizes=\"(max-width: 825px) 100vw, 825px\" \/>\t\t\t<\/div>\n\n\t\t\t<div class=\"upk-content\">\n\n\t\t\t\t\t\t\t\t\t<div data-swiper-parallax-y=\"-150\" data-swiper-parallax-duration=\"700\">\n\t\t\t\t\t\t\t\t<div class=\"upk-category\">\n\t\t\t<a href=\"https:\/\/www.jahorinatravel.com\/en\/category\/priroda\/\">Nature<\/a>\t\t<\/div>\n\t\t\t\t\t\t<\/div>\n\t\t\t\t\n\t\t\t\t\t\t\t\t\t<div data-swiper-parallax-y=\"-100\" data-swiper-parallax-duration=\"800\">\n\t\t\t\t\t\t<h3 class=\"upk-title\"><a href=\"https:\/\/www.jahorinatravel.com\/en\/vrelo-miljacke-skriveni-dragulj-pala-na-obroncima-ravne-planine\/\" title=\"Vrelo Miljacke: A hidden gem of Pale on the slopes of Ravna Planina\" class=\"title-animation-\" >Vrelo Miljacke: A hidden gem of Pale on the slopes of Ravna Planina<\/a><\/h3>\t\t\t\t\t<\/div>\n\t\t\t\t\n\t\t\t\t\n\t\t\t\t\t\t\t\t\t<div class=\"upk-meta\" data-swiper-parallax-y=\"-50\" data-swiper-parallax-duration=\"1000\">\n\t\t\t\t\t\t\t\t\t\t\t\t\t\t\t\t\t\t<div data-separator=\"\/\/\">\n\t\t\t\t\t\t\t\t\t<div class=\"upk-date\">\n\t\t\tThursday November 13th, 2025\t\t<\/div>\n\n\t\t\t\t\t\t\t\t\t<\/div>\n\t\t\t\t\t\t\t\t\t\t\t\t\t\t\t\t\t<\/div>\n\t\t\t\t\n\t\t\t<\/div>\n\t\t<\/div>\n\t\t\t<div class=\"upk-item swiper-slide\">\n\t\t\t<div class=\"upk-img-wrap\">\n\t\t\t\t<img loading=\"lazy\" decoding=\"async\" width=\"1200\" height=\"675\" src=\"https:\/\/www.jahorinatravel.com\/wp-content\/uploads\/2025\/10\/ski-novosti.jpg\" class=\"upk-img\" alt=\"Trends and innovations in ski equipment for the 2025\/26 season\" srcset=\"https:\/\/www.jahorinatravel.com\/wp-content\/uploads\/2025\/10\/ski-novosti.jpg 1200w, https:\/\/www.jahorinatravel.com\/wp-content\/uploads\/2025\/10\/ski-novosti-768x432.jpg 768w, https:\/\/www.jahorinatravel.com\/wp-content\/uploads\/2025\/10\/ski-novosti-600x337.jpg 600w\" sizes=\"(max-width: 1200px) 100vw, 1200px\" \/>\t\t\t<\/div>\n\n\t\t\t<div class=\"upk-content\">\n\n\t\t\t\t\t\t\t\t\t<div data-swiper-parallax-y=\"-150\" data-swiper-parallax-duration=\"700\">\n\t\t\t\t\t\t\t\t<div class=\"upk-category\">\n\t\t\t<a href=\"https:\/\/www.jahorinatravel.com\/en\/category\/novosti\/\">News<\/a>\t\t<\/div>\n\t\t\t\t\t\t<\/div>\n\t\t\t\t\n\t\t\t\t\t\t\t\t\t<div data-swiper-parallax-y=\"-100\" data-swiper-parallax-duration=\"800\">\n\t\t\t\t\t\t<h3 class=\"upk-title\"><a href=\"https:\/\/www.jahorinatravel.com\/en\/trendovi-i-novosti-u-ski-opremi-za-sezonu-2025-26\/\" title=\"Trends and innovations in ski equipment for the 2025\/26 season\" class=\"title-animation-\" >Trends and innovations in ski equipment for the 2025\/26 season<\/a><\/h3>\t\t\t\t\t<\/div>\n\t\t\t\t\n\t\t\t\t\n\t\t\t\t\t\t\t\t\t<div class=\"upk-meta\" data-swiper-parallax-y=\"-50\" data-swiper-parallax-duration=\"1000\">\n\t\t\t\t\t\t\t\t\t\t\t\t\t\t\t\t\t\t<div data-separator=\"\/\/\">\n\t\t\t\t\t\t\t\t\t<div class=\"upk-date\">\n\t\t\tMonday October 13th, 2025\t\t<\/div>\n\n\t\t\t\t\t\t\t\t\t<\/div>\n\t\t\t\t\t\t\t\t\t\t\t\t\t\t\t\t\t<\/div>\n\t\t\t\t\n\t\t\t<\/div>\n\t\t<\/div>\n\t\t\t<div class=\"upk-item swiper-slide\">\n\t\t\t<div class=\"upk-img-wrap\">\n\t\t\t\t<img loading=\"lazy\" decoding=\"async\" width=\"825\" height=\"574\" src=\"https:\/\/www.jahorinatravel.com\/wp-content\/uploads\/2025\/10\/jahorinatravel.jpg\" class=\"upk-img\" alt=\"Jahorina in the 1970s: A mountain where skiing came from the heart\" srcset=\"https:\/\/www.jahorinatravel.com\/wp-content\/uploads\/2025\/10\/jahorinatravel.jpg 825w, https:\/\/www.jahorinatravel.com\/wp-content\/uploads\/2025\/10\/jahorinatravel-768x534.jpg 768w, https:\/\/www.jahorinatravel.com\/wp-content\/uploads\/2025\/10\/jahorinatravel-600x417.jpg 600w\" sizes=\"(max-width: 825px) 100vw, 825px\" \/>\t\t\t<\/div>\n\n\t\t\t<div class=\"upk-content\">\n\n\t\t\t\t\t\t\t\t\t<div data-swiper-parallax-y=\"-150\" data-swiper-parallax-duration=\"700\">\n\t\t\t\t\t\t\t\t<div class=\"upk-category\">\n\t\t\t<a href=\"https:\/\/www.jahorinatravel.com\/en\/category\/istorija\/\">History<\/a>\t\t<\/div>\n\t\t\t\t\t\t<\/div>\n\t\t\t\t\n\t\t\t\t\t\t\t\t\t<div data-swiper-parallax-y=\"-100\" data-swiper-parallax-duration=\"800\">\n\t\t\t\t\t\t<h3 class=\"upk-title\"><a href=\"https:\/\/www.jahorinatravel.com\/en\/jahorina-sedamdesetih-planina-iz-vremena-kada-se-skijalo-srcem\/\" title=\"Jahorina in the 1970s: A mountain where skiing came from the heart\" class=\"title-animation-\" >Jahorina in the 1970s: A mountain where skiing came from the heart<\/a><\/h3>\t\t\t\t\t<\/div>\n\t\t\t\t\n\t\t\t\t\n\t\t\t\t\t\t\t\t\t<div class=\"upk-meta\" data-swiper-parallax-y=\"-50\" data-swiper-parallax-duration=\"1000\">\n\t\t\t\t\t\t\t\t\t\t\t\t\t\t\t\t\t\t<div data-separator=\"\/\/\">\n\t\t\t\t\t\t\t\t\t<div class=\"upk-date\">\n\t\t\tWednesday October  8th, 2025\t\t<\/div>\n\n\t\t\t\t\t\t\t\t\t<\/div>\n\t\t\t\t\t\t\t\t\t\t\t\t\t\t\t\t\t<\/div>\n\t\t\t\t\n\t\t\t<\/div>\n\t\t<\/div>\n\t\t\t<div class=\"upk-item swiper-slide\">\n\t\t\t<div class=\"upk-img-wrap\">\n\t\t\t\t<img loading=\"lazy\" decoding=\"async\" width=\"1200\" height=\"675\" src=\"https:\/\/www.jahorinatravel.com\/wp-content\/uploads\/2025\/10\/jahorina-okt-2025.jpg\" class=\"upk-img\" alt=\"Winter fairy tale: Jahorina covered in 25 centimeters of snow!\" srcset=\"https:\/\/www.jahorinatravel.com\/wp-content\/uploads\/2025\/10\/jahorina-okt-2025.jpg 1200w, https:\/\/www.jahorinatravel.com\/wp-content\/uploads\/2025\/10\/jahorina-okt-2025-768x432.jpg 768w, https:\/\/www.jahorinatravel.com\/wp-content\/uploads\/2025\/10\/jahorina-okt-2025-600x337.jpg 600w\" sizes=\"(max-width: 1200px) 100vw, 1200px\" \/>\t\t\t<\/div>\n\n\t\t\t<div class=\"upk-content\">\n\n\t\t\t\t\t\t\t\t\t<div data-swiper-parallax-y=\"-150\" data-swiper-parallax-duration=\"700\">\n\t\t\t\t\t\t\t\t<div class=\"upk-category\">\n\t\t\t<a href=\"https:\/\/www.jahorinatravel.com\/en\/category\/novosti\/\">News<\/a>\t\t<\/div>\n\t\t\t\t\t\t<\/div>\n\t\t\t\t\n\t\t\t\t\t\t\t\t\t<div data-swiper-parallax-y=\"-100\" data-swiper-parallax-duration=\"800\">\n\t\t\t\t\t\t<h3 class=\"upk-title\"><a href=\"https:\/\/www.jahorinatravel.com\/en\/zimska-bajka-jahorina-pod-25-centimetara-snijega\/\" title=\"Winter fairy tale: Jahorina covered in 25 centimeters of snow!\" class=\"title-animation-\" >Winter fairy tale: Jahorina covered in 25 centimeters of snow!<\/a><\/h3>\t\t\t\t\t<\/div>\n\t\t\t\t\n\t\t\t\t\n\t\t\t\t\t\t\t\t\t<div class=\"upk-meta\" data-swiper-parallax-y=\"-50\" data-swiper-parallax-duration=\"1000\">\n\t\t\t\t\t\t\t\t\t\t\t\t\t\t\t\t\t\t<div data-separator=\"\/\/\">\n\t\t\t\t\t\t\t\t\t<div class=\"upk-date\">\n\t\t\tSaturday October  4th, 2025\t\t<\/div>\n\n\t\t\t\t\t\t\t\t\t<\/div>\n\t\t\t\t\t\t\t\t\t\t\t\t\t\t\t\t\t<\/div>\n\t\t\t\t\n\t\t\t<\/div>\n\t\t<\/div>\n\t\t\t<div class=\"upk-item swiper-slide\">\n\t\t\t<div class=\"upk-img-wrap\">\n\t\t\t\t<img loading=\"lazy\" decoding=\"async\" width=\"825\" height=\"464\" src=\"https:\/\/www.jahorinatravel.com\/wp-content\/uploads\/2025\/10\/zermatt-ski.jpg\" class=\"upk-img\" alt=\"Ski season 2025\/26 begins \u2013 first skiers already on Europe\u2019s glaciers\" srcset=\"https:\/\/www.jahorinatravel.com\/wp-content\/uploads\/2025\/10\/zermatt-ski.jpg 825w, https:\/\/www.jahorinatravel.com\/wp-content\/uploads\/2025\/10\/zermatt-ski-768x431.jpg 768w, https:\/\/www.jahorinatravel.com\/wp-content\/uploads\/2025\/10\/zermatt-ski-600x337.jpg 600w\" sizes=\"(max-width: 825px) 100vw, 825px\" \/>\t\t\t<\/div>\n\n\t\t\t<div class=\"upk-content\">\n\n\t\t\t\t\t\t\t\t\t<div data-swiper-parallax-y=\"-150\" data-swiper-parallax-duration=\"700\">\n\t\t\t\t\t\t\t\t<div class=\"upk-category\">\n\t\t\t<a href=\"https:\/\/www.jahorinatravel.com\/en\/category\/ski-destinacije\/\">Ski destinations<\/a>\t\t<\/div>\n\t\t\t\t\t\t<\/div>\n\t\t\t\t\n\t\t\t\t\t\t\t\t\t<div data-swiper-parallax-y=\"-100\" data-swiper-parallax-duration=\"800\">\n\t\t\t\t\t\t<h3 class=\"upk-title\"><a href=\"https:\/\/www.jahorinatravel.com\/en\/ski-sezona-2025-26-pocinje-prvi-skijasi-vec-na-glecerima-evrope\/\" title=\"Ski season 2025\/26 begins \u2013 first skiers already on Europe\u2019s glaciers\" class=\"title-animation-\" >Ski season 2025\/26 begins \u2013 first skiers already on Europe\u2019s glaciers<\/a><\/h3>\t\t\t\t\t<\/div>\n\t\t\t\t\n\t\t\t\t\n\t\t\t\t\t\t\t\t\t<div class=\"upk-meta\" data-swiper-parallax-y=\"-50\" data-swiper-parallax-duration=\"1000\">\n\t\t\t\t\t\t\t\t\t\t\t\t\t\t\t\t\t\t<div data-separator=\"\/\/\">\n\t\t\t\t\t\t\t\t\t<div class=\"upk-date\">\n\t\t\tThursday October  2nd, 2025\t\t<\/div>\n\n\t\t\t\t\t\t\t\t\t<\/div>\n\t\t\t\t\t\t\t\t\t\t\t\t\t\t\t\t\t<\/div>\n\t\t\t\t\n\t\t\t<\/div>\n\t\t<\/div>\n\t\t\t<div class=\"upk-item swiper-slide\">\n\t\t\t<div class=\"upk-img-wrap\">\n\t\t\t\t<img loading=\"lazy\" decoding=\"async\" width=\"1150\" height=\"646\" src=\"https:\/\/www.jahorinatravel.com\/wp-content\/uploads\/2025\/10\/jahorina-snow-02-10-2025.jpg\" class=\"upk-img\" alt=\"Jahorina turned white early \u2014 the first snow already in october!\" srcset=\"https:\/\/www.jahorinatravel.com\/wp-content\/uploads\/2025\/10\/jahorina-snow-02-10-2025.jpg 1150w, https:\/\/www.jahorinatravel.com\/wp-content\/uploads\/2025\/10\/jahorina-snow-02-10-2025-768x431.jpg 768w, https:\/\/www.jahorinatravel.com\/wp-content\/uploads\/2025\/10\/jahorina-snow-02-10-2025-600x337.jpg 600w\" sizes=\"(max-width: 1150px) 100vw, 1150px\" \/>\t\t\t<\/div>\n\n\t\t\t<div class=\"upk-content\">\n\n\t\t\t\t\t\t\t\t\t<div data-swiper-parallax-y=\"-150\" data-swiper-parallax-duration=\"700\">\n\t\t\t\t\t\t\t\t<div class=\"upk-category\">\n\t\t\t<a href=\"https:\/\/www.jahorinatravel.com\/en\/category\/novosti\/\">News<\/a>\t\t<\/div>\n\t\t\t\t\t\t<\/div>\n\t\t\t\t\n\t\t\t\t\t\t\t\t\t<div data-swiper-parallax-y=\"-100\" data-swiper-parallax-duration=\"800\">\n\t\t\t\t\t\t<h3 class=\"upk-title\"><a href=\"https:\/\/www.jahorinatravel.com\/en\/jahorina-rano-zabijelila-prvi-snijeg-vec-u-oktobru\/\" title=\"Jahorina turned white early \u2014 the first snow already in october!\" class=\"title-animation-\" >Jahorina turned white early \u2014 the first snow already in october!<\/a><\/h3>\t\t\t\t\t<\/div>\n\t\t\t\t\n\t\t\t\t\n\t\t\t\t\t\t\t\t\t<div class=\"upk-meta\" data-swiper-parallax-y=\"-50\" data-swiper-parallax-duration=\"1000\">\n\t\t\t\t\t\t\t\t\t\t\t\t\t\t\t\t\t\t<div data-separator=\"\/\/\">\n\t\t\t\t\t\t\t\t\t<div class=\"upk-date\">\n\t\t\tThursday October  2nd, 2025\t\t<\/div>\n\n\t\t\t\t\t\t\t\t\t<\/div>\n\t\t\t\t\t\t\t\t\t\t\t\t\t\t\t\t\t<\/div>\n\t\t\t\t\n\t\t\t<\/div>\n\t\t<\/div>\n\t\n\t\t\t\t<\/div>\n\t\t\t\t\t\t\t<\/div>\n\t\t<\/div>\n\n\t\t\t\t<div thumbsSlider=\"\" class=\"upk-camux-thumbs swiper\">\n\t\t\t\t<div class=\"swiper-wrapper\">\n\t\t\t\t\t\t\t<div class=\"upk-item swiper-slide\">\n\t\t\t<div class=\"upk-img-wrap\">\n\t\t\t\t<img fetchpriority=\"high\" decoding=\"async\" width=\"825\" height=\"550\" src=\"https:\/\/www.jahorinatravel.com\/wp-content\/uploads\/2025\/12\/skijanje-jahorina-12-2025b.jpg\" class=\"upk-img\" alt=\"Winter season opens on Jahorina with over 5,000 skiers, concerts, and night skiing\" srcset=\"https:\/\/www.jahorinatravel.com\/wp-content\/uploads\/2025\/12\/skijanje-jahorina-12-2025b.jpg 825w, https:\/\/www.jahorinatravel.com\/wp-content\/uploads\/2025\/12\/skijanje-jahorina-12-2025b-768x512.jpg 768w, https:\/\/www.jahorinatravel.com\/wp-content\/uploads\/2025\/12\/skijanje-jahorina-12-2025b-600x400.jpg 600w\" sizes=\"(max-width: 825px) 100vw, 825px\" \/>\t\t\t<\/div>\n\t\t\t\t\t<\/div>\n\t\t\t<div class=\"upk-item swiper-slide\">\n\t\t\t<div class=\"upk-img-wrap\">\n\t\t\t\t<img decoding=\"async\" width=\"825\" height=\"550\" src=\"https:\/\/www.jahorinatravel.com\/wp-content\/uploads\/2025\/12\/cika-elek.jpg\" class=\"upk-img\" alt=\"One ski pass, multiple mountains: Jahorina and Ski resorts of Serbia connect the region\" srcset=\"https:\/\/www.jahorinatravel.com\/wp-content\/uploads\/2025\/12\/cika-elek.jpg 825w, https:\/\/www.jahorinatravel.com\/wp-content\/uploads\/2025\/12\/cika-elek-768x512.jpg 768w, https:\/\/www.jahorinatravel.com\/wp-content\/uploads\/2025\/12\/cika-elek-600x400.jpg 600w\" sizes=\"(max-width: 825px) 100vw, 825px\" \/>\t\t\t<\/div>\n\t\t\t\t\t<\/div>\n\t\t\t<div class=\"upk-item swiper-slide\">\n\t\t\t<div class=\"upk-img-wrap\">\n\t\t\t\t<img decoding=\"async\" width=\"825\" height=\"550\" src=\"https:\/\/www.jahorinatravel.com\/wp-content\/uploads\/2025\/12\/spasavanje-vjezba-2025c.jpg\" class=\"upk-img\" alt=\"Safety comes first: Successful rescue exercise conducted on Jahorina\u2019s Ogorjelica\" srcset=\"https:\/\/www.jahorinatravel.com\/wp-content\/uploads\/2025\/12\/spasavanje-vjezba-2025c.jpg 825w, https:\/\/www.jahorinatravel.com\/wp-content\/uploads\/2025\/12\/spasavanje-vjezba-2025c-768x512.jpg 768w, https:\/\/www.jahorinatravel.com\/wp-content\/uploads\/2025\/12\/spasavanje-vjezba-2025c-600x400.jpg 600w\" sizes=\"(max-width: 825px) 100vw, 825px\" \/>\t\t\t<\/div>\n\t\t\t\t\t<\/div>\n\t\t\t<div class=\"upk-item swiper-slide\">\n\t\t\t<div class=\"upk-img-wrap\">\n\t\t\t\t<img loading=\"lazy\" decoding=\"async\" width=\"825\" height=\"464\" src=\"https:\/\/www.jahorinatravel.com\/wp-content\/uploads\/2025\/12\/skijanje-jahorina-3-12-2025.jpg\" class=\"upk-img\" alt=\"Winter season on Jahorina officially open: Skiing, discounts and a rich offer\" srcset=\"https:\/\/www.jahorinatravel.com\/wp-content\/uploads\/2025\/12\/skijanje-jahorina-3-12-2025.jpg 825w, https:\/\/www.jahorinatravel.com\/wp-content\/uploads\/2025\/12\/skijanje-jahorina-3-12-2025-768x431.jpg 768w, https:\/\/www.jahorinatravel.com\/wp-content\/uploads\/2025\/12\/skijanje-jahorina-3-12-2025-600x337.jpg 600w\" sizes=\"(max-width: 825px) 100vw, 825px\" \/>\t\t\t<\/div>\n\t\t\t\t\t<\/div>\n\t\t\t<div class=\"upk-item swiper-slide\">\n\t\t\t<div class=\"upk-img-wrap\">\n\t\t\t\t<img loading=\"lazy\" decoding=\"async\" width=\"825\" height=\"464\" src=\"https:\/\/www.jahorinatravel.com\/wp-content\/uploads\/2025\/11\/trebevic.jpg\" class=\"upk-img\" alt=\"Sea of fog and the mountain peaks of Jahorina, Trebevi\u0107, and Romanija\" srcset=\"https:\/\/www.jahorinatravel.com\/wp-content\/uploads\/2025\/11\/trebevic.jpg 825w, https:\/\/www.jahorinatravel.com\/wp-content\/uploads\/2025\/11\/trebevic-768x431.jpg 768w, https:\/\/www.jahorinatravel.com\/wp-content\/uploads\/2025\/11\/trebevic-600x337.jpg 600w\" sizes=\"(max-width: 825px) 100vw, 825px\" \/>\t\t\t<\/div>\n\t\t\t\t\t<\/div>\n\t\t\t<div class=\"upk-item swiper-slide\">\n\t\t\t<div class=\"upk-img-wrap\">\n\t\t\t\t<img loading=\"lazy\" decoding=\"async\" width=\"825\" height=\"464\" src=\"https:\/\/www.jahorinatravel.com\/wp-content\/uploads\/2025\/11\/jahorina-panorama.jpg\" class=\"upk-img\" alt=\"Ski friday on Jahorina: Major discounts and a spectacular season opening\" srcset=\"https:\/\/www.jahorinatravel.com\/wp-content\/uploads\/2025\/11\/jahorina-panorama.jpg 825w, https:\/\/www.jahorinatravel.com\/wp-content\/uploads\/2025\/11\/jahorina-panorama-768x431.jpg 768w, https:\/\/www.jahorinatravel.com\/wp-content\/uploads\/2025\/11\/jahorina-panorama-600x337.jpg 600w\" sizes=\"(max-width: 825px) 100vw, 825px\" \/>\t\t\t<\/div>\n\t\t\t\t\t<\/div>\n\t\t\t<div class=\"upk-item swiper-slide\">\n\t\t\t<div class=\"upk-img-wrap\">\n\t\t\t\t<img loading=\"lazy\" decoding=\"async\" width=\"825\" height=\"464\" src=\"https:\/\/www.jahorinatravel.com\/wp-content\/uploads\/2025\/11\/vrelo-miljacke.jpg\" class=\"upk-img\" alt=\"Vrelo Miljacke: A hidden gem of Pale on the slopes of Ravna Planina\" srcset=\"https:\/\/www.jahorinatravel.com\/wp-content\/uploads\/2025\/11\/vrelo-miljacke.jpg 825w, https:\/\/www.jahorinatravel.com\/wp-content\/uploads\/2025\/11\/vrelo-miljacke-768x431.jpg 768w, https:\/\/www.jahorinatravel.com\/wp-content\/uploads\/2025\/11\/vrelo-miljacke-600x337.jpg 600w\" sizes=\"(max-width: 825px) 100vw, 825px\" \/>\t\t\t<\/div>\n\t\t\t\t\t<\/div>\n\t\t\t<div class=\"upk-item swiper-slide\">\n\t\t\t<div class=\"upk-img-wrap\">\n\t\t\t\t<img loading=\"lazy\" decoding=\"async\" width=\"1200\" height=\"675\" src=\"https:\/\/www.jahorinatravel.com\/wp-content\/uploads\/2025\/10\/ski-novosti.jpg\" class=\"upk-img\" alt=\"Trends and innovations in ski equipment for the 2025\/26 season\" srcset=\"https:\/\/www.jahorinatravel.com\/wp-content\/uploads\/2025\/10\/ski-novosti.jpg 1200w, https:\/\/www.jahorinatravel.com\/wp-content\/uploads\/2025\/10\/ski-novosti-768x432.jpg 768w, https:\/\/www.jahorinatravel.com\/wp-content\/uploads\/2025\/10\/ski-novosti-600x337.jpg 600w\" sizes=\"(max-width: 1200px) 100vw, 1200px\" \/>\t\t\t<\/div>\n\t\t\t\t\t<\/div>\n\t\t\t<div class=\"upk-item swiper-slide\">\n\t\t\t<div class=\"upk-img-wrap\">\n\t\t\t\t<img loading=\"lazy\" decoding=\"async\" width=\"825\" height=\"574\" src=\"https:\/\/www.jahorinatravel.com\/wp-content\/uploads\/2025\/10\/jahorinatravel.jpg\" class=\"upk-img\" alt=\"Jahorina in the 1970s: A mountain where skiing came from the heart\" srcset=\"https:\/\/www.jahorinatravel.com\/wp-content\/uploads\/2025\/10\/jahorinatravel.jpg 825w, https:\/\/www.jahorinatravel.com\/wp-content\/uploads\/2025\/10\/jahorinatravel-768x534.jpg 768w, https:\/\/www.jahorinatravel.com\/wp-content\/uploads\/2025\/10\/jahorinatravel-600x417.jpg 600w\" sizes=\"(max-width: 825px) 100vw, 825px\" \/>\t\t\t<\/div>\n\t\t\t\t\t<\/div>\n\t\t\t<div class=\"upk-item swiper-slide\">\n\t\t\t<div class=\"upk-img-wrap\">\n\t\t\t\t<img loading=\"lazy\" decoding=\"async\" width=\"1200\" height=\"675\" src=\"https:\/\/www.jahorinatravel.com\/wp-content\/uploads\/2025\/10\/jahorina-okt-2025.jpg\" class=\"upk-img\" alt=\"Winter fairy tale: Jahorina covered in 25 centimeters of snow!\" srcset=\"https:\/\/www.jahorinatravel.com\/wp-content\/uploads\/2025\/10\/jahorina-okt-2025.jpg 1200w, https:\/\/www.jahorinatravel.com\/wp-content\/uploads\/2025\/10\/jahorina-okt-2025-768x432.jpg 768w, https:\/\/www.jahorinatravel.com\/wp-content\/uploads\/2025\/10\/jahorina-okt-2025-600x337.jpg 600w\" sizes=\"(max-width: 1200px) 100vw, 1200px\" \/>\t\t\t<\/div>\n\t\t\t\t\t<\/div>\n\t\t\t<div class=\"upk-item swiper-slide\">\n\t\t\t<div class=\"upk-img-wrap\">\n\t\t\t\t<img loading=\"lazy\" decoding=\"async\" width=\"825\" height=\"464\" src=\"https:\/\/www.jahorinatravel.com\/wp-content\/uploads\/2025\/10\/zermatt-ski.jpg\" class=\"upk-img\" alt=\"Ski season 2025\/26 begins \u2013 first skiers already on Europe\u2019s glaciers\" srcset=\"https:\/\/www.jahorinatravel.com\/wp-content\/uploads\/2025\/10\/zermatt-ski.jpg 825w, https:\/\/www.jahorinatravel.com\/wp-content\/uploads\/2025\/10\/zermatt-ski-768x431.jpg 768w, https:\/\/www.jahorinatravel.com\/wp-content\/uploads\/2025\/10\/zermatt-ski-600x337.jpg 600w\" sizes=\"(max-width: 825px) 100vw, 825px\" \/>\t\t\t<\/div>\n\t\t\t\t\t<\/div>\n\t\t\t<div class=\"upk-item swiper-slide\">\n\t\t\t<div class=\"upk-img-wrap\">\n\t\t\t\t<img loading=\"lazy\" decoding=\"async\" width=\"1150\" height=\"646\" src=\"https:\/\/www.jahorinatravel.com\/wp-content\/uploads\/2025\/10\/jahorina-snow-02-10-2025.jpg\" class=\"upk-img\" alt=\"Jahorina turned white early \u2014 the first snow already in october!\" srcset=\"https:\/\/www.jahorinatravel.com\/wp-content\/uploads\/2025\/10\/jahorina-snow-02-10-2025.jpg 1150w, https:\/\/www.jahorinatravel.com\/wp-content\/uploads\/2025\/10\/jahorina-snow-02-10-2025-768x431.jpg 768w, https:\/\/www.jahorinatravel.com\/wp-content\/uploads\/2025\/10\/jahorina-snow-02-10-2025-600x337.jpg 600w\" sizes=\"(max-width: 1150px) 100vw, 1150px\" \/>\t\t\t<\/div>\n\t\t\t\t\t<\/div>\n\t\t\t\t\t<\/div>\n\t\t\t<\/div>\n\t\t<\/div>\n\n\t\t\t\t<\/div>\n\t\t\t\t<\/div>\n\t\t<div class=\"elementor-element elementor-element-0efc1b7 e-con-full e-flex e-con e-child\" data-id=\"0efc1b7\" data-element_type=\"container\">\n\t\t\t\t<div class=\"elementor-element elementor-element-100ad55 elementor-widget elementor-widget-html\" data-id=\"100ad55\" data-element_type=\"widget\" data-widget_type=\"html.default\">\n\t\t\t\t\t<a href=\"https:\/\/www.jahorinatravel.com\/ski-info-jahorina\/\">\n<img decoding=\"async\" class=\"snow\" src=\"https:\/\/www.jahorinatravel.com\/wp-content\/uploads\/2023\/12\/snow-svgrepo-com.svg\" style=\"width:45px; height: 45px; margin: -12px 0 0 0 !important\"> \n<iframe scrolling=\"no\" src=\"https:\/\/www.oc-jahorina.com\/visina-snijega-led\/\" title=\"Visina snijega\" style=\"width:85px; height: 25px\"><\/iframe>\n<img decoding=\"async\" class=\"snow\" src=\"https:\/\/www.jahorinatravel.com\/wp-content\/uploads\/2023\/12\/ski-lift-svgrepo-com.svg\" style=\"width:30px; height: 35px; margin: -12px 0 0 0 !important\"> \n<iframe scrolling=\"no\" src=\"https:\/\/www.oc-jahorina.com\/ski-liftovi-led\/\" title=\"Visina snijega\" style=\"width:85px; height: 25px\"><\/iframe>\n\n<img decoding=\"async\" class=\"snow\" src=\"https:\/\/www.jahorinatravel.com\/wp-content\/uploads\/2023\/12\/ski-svgrepo-com.svg\" style=\"width:30px; height: 35px; margin: -12px 0 0 0 !important\"> \n<iframe scrolling=\"no\" src=\"https:\/\/www.oc-jahorina.com\/ski-staze-led\/\" title=\"Visina snijega\" style=\"width:65px; height: 25px\"><\/iframe>\n<\/a>\n\t\t\t\t<\/div>\n\t\t\t\t<div class=\"elementor-element elementor-element-469f528 elementor-widget elementor-widget-html\" data-id=\"469f528\" data-element_type=\"widget\" data-widget_type=\"html.default\">\n\t\t\t\t\t<a href=\"https:\/\/jahorinaprestige.com\/web-kamera-poljice-jahorina-2-live\/\" target=\"_blank\"><img decoding=\"async\" src=\"https:\/\/cams.jahorinaprestige.com\/jahorina\/poljice-hotel-vucko\/1920x1080\/webcam.jpg\" alt=\"HTML tutorial\"><\/a>\t\t\t\t<\/div>\n\t\t\t\t<div class=\"elementor-element elementor-element-017d165 elementor-widget elementor-widget-html\" data-id=\"017d165\" data-element_type=\"widget\" data-widget_type=\"html.default\">\n\t\t\t\t\t<a href=\"https:\/\/jahorinaprestige.com\/web-cam-jahorina\/\" target=\"_blank\"><img decoding=\"async\" src=\"https:\/\/cams.jahorinaprestige.com\/jahorina\/poljice-makiatto\/1920x1080\/webcam.jpg\" alt=\"HTML tutorial\"><\/a>\t\t\t\t<\/div>\n\t\t\t\t<\/div>\n\t\t\t\t\t<\/div>\n\t\t\t\t<\/div>\n\t\t\t\t<section class=\"elementor-section elementor-top-section elementor-element elementor-element-dafd4d0 elementor-hidden-widescreen elementor-hidden-desktop elementor-hidden-laptop elementor-hidden-tablet_extra elementor-hidden-tablet elementor-hidden-mobile elementor-section-boxed elementor-section-height-default elementor-section-height-default\" data-id=\"dafd4d0\" data-element_type=\"section\" data-settings=\"{&quot;background_background&quot;:&quot;classic&quot;,&quot;shape_divider_top&quot;:&quot;mountains&quot;}\">\n\t\t\t\t\t<div class=\"elementor-shape elementor-shape-top\" aria-hidden=\"true\" data-negative=\"false\">\n\t\t\t<svg xmlns=\"http:\/\/www.w3.org\/2000\/svg\" viewBox=\"0 0 1000 100\" preserveAspectRatio=\"none\">\n\t<path class=\"elementor-shape-fill\" opacity=\"0.33\" d=\"M473,67.3c-203.9,88.3-263.1-34-320.3,0C66,119.1,0,59.7,0,59.7V0h1000v59.7 c0,0-62.1,26.1-94.9,29.3c-32.8,3.3-62.8-12.3-75.8-22.1C806,49.6,745.3,8.7,694.9,4.7S492.4,59,473,67.3z\"\/>\n\t<path class=\"elementor-shape-fill\" opacity=\"0.66\" d=\"M734,67.3c-45.5,0-77.2-23.2-129.1-39.1c-28.6-8.7-150.3-10.1-254,39.1 s-91.7-34.4-149.2,0C115.7,118.3,0,39.8,0,39.8V0h1000v36.5c0,0-28.2-18.5-92.1-18.5C810.2,18.1,775.7,67.3,734,67.3z\"\/>\n\t<path class=\"elementor-shape-fill\" d=\"M766.1,28.9c-200-57.5-266,65.5-395.1,19.5C242,1.8,242,5.4,184.8,20.6C128,35.8,132.3,44.9,89.9,52.5C28.6,63.7,0,0,0,0 h1000c0,0-9.9,40.9-83.6,48.1S829.6,47,766.1,28.9z\"\/>\n<\/svg>\t\t<\/div>\n\t\t\t\t\t<div class=\"elementor-container elementor-column-gap-default\">\n\t\t\t\t\t<div class=\"elementor-column elementor-col-100 elementor-top-column elementor-element elementor-element-b48a33b\" data-id=\"b48a33b\" data-element_type=\"column\">\n\t\t\t<div class=\"elementor-widget-wrap elementor-element-populated\">\n\t\t\t\t\t\t<div class=\"elementor-element elementor-element-44d6f77 elementor-widget__width-initial elementor-widget elementor-widget-heading\" data-id=\"44d6f77\" data-element_type=\"widget\" data-widget_type=\"heading.default\">\n\t\t\t\t\t<h3 class=\"elementor-heading-title elementor-size-default\">Savr\u0161en smje\u0161taj za savr\u0161en odmor\n<\/h3>\t\t\t\t<\/div>\n\t\t\t\t<div class=\"elementor-element elementor-element-6bd8a99 elementor-widget elementor-widget-heading\" data-id=\"6bd8a99\" data-element_type=\"widget\" data-widget_type=\"heading.default\">\n\t\t\t\t\t<h2 class=\"elementor-heading-title elementor-size-default\">Pretra\u017eite pa\u017eljivo odabran smje\u0161taj sa visokim ocjenama posjetilaca!\n<\/h2>\t\t\t\t<\/div>\n\t\t\t\t<div class=\"elementor-element elementor-element-4f72cb4 elementor-widget__width-initial elementor-widget elementor-widget-st_banner_form\" data-id=\"4f72cb4\" data-element_type=\"widget\" data-settings=\"{&quot;style&quot;:&quot;style_2&quot;,&quot;type_form&quot;:&quot;single&quot;}\" data-widget_type=\"st_banner_form.default\">\n\t\t\t\t<div class=\"elementor-widget-container\">\n\t\t\t\t\t<div class=\"st-banner-search-form style_2\">\r\n    \r\n        <div class=\"tab-pane fadeshow active\" id=\"nav-st_rental\" role=\"tabpanel\">                <div class=\"st-search-form-el st-border-radius\">\r\n                    <div class=\"st-search-el search-form-v2\">\r\n                        <div class=\"search-form  st-border-radius\">\r\n    <form action=\"https:\/\/www.jahorinatravel.com\/en\/smjestaj\/\" class=\"form d-flex align-items-center\" method=\"get\">\r\n        <div class=\"destination-search border-right\">\r\n    <div id=\"dropdown-destination-rental\" role=\"menu\" class=\"form-group d-flex align-items-center form-extra-field dropdown field-detination dropdown-toggle has-icon\"  data-bs-toggle=\"dropdown\" data-bs-auto-close=\"outside\" aria-expanded=\"true\">\r\n        <span class=\"stt-icon stt-icon-location1\"><\/span>        <div class=\"st-form-dropdown-icon\" >\r\n            <label>Location<\/label>\r\n            <div class=\"render\">\r\n                                <input type=\"text\" onkeyup=\"stKeyupsmartSearch(this)\" autocomplete = \"off\" id=\"location_name_rental\" name=\"location_name\" value=\"\" placeholder = \"Where are you going?\" data-post-type=\"st_rental\" data-text-no=\"No locations...\"\/>\r\n            <\/div>\r\n\r\n            <input type=\"hidden\" name=\"location_id\" value=\"\"\/>\r\n        <\/div>\r\n\r\n\r\n    <\/div>\r\n    <div class=\"dropdown-menu\"  aria-labelledby=\"dropdown-destination-rental\">\r\n        <div class=\"loader-wrapper\">\r\n    <div class=\"st-loader\"><\/div>\r\n<\/div>        <ul class=\"st-scrollbar\">\r\n                            <li style=\"padding-left: 20px;\"                     data-country=\"\"\r\n                    data-value=\"14390\" class=\"item parent_li\">\r\n                        <span class=\"parent\">Ogorjelica &#8211; Jahorina<\/span>                <\/li>\r\n                                <li style=\"padding-left: 20px;\"                     data-country=\"\"\r\n                    data-value=\"14384\" class=\"item parent_li\">\r\n                        <span class=\"parent\">Poljice &#8211; Jahorina<\/span>                <\/li>\r\n                                <li style=\"padding-left: 20px;\"                     data-country=\"\"\r\n                    data-value=\"14386\" class=\"item parent_li\">\r\n                        <span class=\"parent\">Rajska dolina &#8211; Jahorina<\/span>                <\/li>\r\n                                <li style=\"padding-left: 20px;\"                     data-country=\"\"\r\n                    data-value=\"14968\" class=\"item parent_li\">\r\n                        <span class=\"parent\">Ravna planina<\/span>                <\/li>\r\n                        <\/ul>\r\n    <\/div>\r\n<\/div>\r\n\r\n<div class=\"form-group form-date-field form-date-search d-flex align-items-center\" data-format=\"DD\/MM\/YYYY\">\r\n    <div class=\"date-item-wrapper d-flex align-items-center checkin\">\r\n        <span class=\"stt-icon stt-icon-in\"><\/span>\r\n        <div class=\"item-inner\">\r\n            <label>Check in<\/label>\r\n            <div class=\"render check-in-render\">Add date<\/div>\r\n        <\/div>\r\n    <\/div>\r\n    <span class=\"stt-icon stt-icon-arrow-right-1 date-item-arrow\"><\/span>\r\n    <div class=\"date-item-wrapper d-flex align-items-center checkout\">\r\n        <span class=\"stt-icon stt-icon-out\"><\/span>\r\n        <div class=\"item-inner\">\r\n            <label>Check out<\/label>\r\n            <div class=\"render check-out-render\">Add date<\/div>\r\n        <\/div>\r\n    <\/div>\r\n    <input type=\"hidden\" class=\"check-in-input\" value=\"\" name=\"start\">\r\n    <input type=\"hidden\" class=\"check-out-input\" value=\"\" name=\"end\">\r\n    <input type=\"text\" readonly class=\"check-in-out\" value=\"30\/04\/2026 02:35 pm-01\/05\/2026 02:35 pm\" name=\"date\">\r\n<\/div><div class=\"field-guest form-group\">\r\n    <div class=\"form-extra-field dropdown dropdown-toggle  has-icon \" role=\"menu\" data-bs-toggle=\"dropdown\" data-bs-auto-close=\"outside\" aria-expanded=\"false\">\r\n        <span class=\"stt-icon stt-icon-user2\"><\/span>        <div class=\"st-form-dropdown-icon\">\r\n            <label>Guests<\/label>\r\n            <div class=\"render\">\r\n                <span data-text=\"{&quot;guest&quot;:&quot;guest&quot;,&quot;guests&quot;:&quot;guests&quot;}\">\r\n                    1 guest                <\/span>\r\n            <\/div>\r\n        <\/div>\r\n    <\/div>\r\n    <ul class=\"dropdown-menu st-modern-style\">\r\n        \r\n        <li class=\"item d-flex align-items-center justify-content-between\">\r\n            <label>Adults<\/label>\r\n            <div class=\"select-wrapper\">\r\n                <div class=\"st-number-wrapper d-flex align-items-center justify-content-between\">\r\n                    <input type=\"text\" name=\"adult_number\" value=\"1\"\r\n                           class=\"form-control st-input-number\" autocomplete=\"off\" readonly data-min=\"1\"\r\n                           data-max=\"9\"\/>\r\n                <\/div>\r\n            <\/div>\r\n        <\/li>\r\n        <li class=\"item d-flex align-items-center justify-content-between\">\r\n            <label>Children<\/label>\r\n            <div class=\"select-wrapper\">\r\n                <div class=\"st-number-wrapper d-flex align-items-center justify-content-between\">\r\n                    <input type=\"text\" name=\"child_number\" value=\"0\"\r\n                           class=\"form-control st-input-number\" autocomplete=\"off\" readonly data-min=\"0\"\r\n                           data-max=\"9\"\/>\r\n                <\/div>\r\n            <\/div>\r\n        <\/li>\r\n    <\/ul>\r\n    <\/div>\r\n\r\n\r\n        <div class=\"button-search-wrapper\">\r\n            <button class=\"btn btn-primary btn-search\">\r\n                <span class=\"stt-icon stt-icon-search-normal\"><\/span>\r\n                Search            <\/button>\r\n        <\/div>\r\n    <\/form>\r\n<\/div>\r\n                    <\/div>\r\n                <\/div>\r\n\r\n                <\/div>    <\/div>\r\n\t\t\t\t<\/div>\n\t\t\t\t<\/div>\n\t\t\t\t\t<\/div>\n\t\t<\/div>\n\t\t\t\t\t<\/div>\n\t\t<\/section>\n\t\t\t\t<section class=\"elementor-section elementor-top-section elementor-element elementor-element-6bbb1d5 elementor-section-boxed elementor-section-height-default elementor-section-height-default\" data-id=\"6bbb1d5\" data-element_type=\"section\" data-settings=\"{&quot;background_background&quot;:&quot;classic&quot;}\">\n\t\t\t\t\t\t<div class=\"elementor-container elementor-column-gap-default\">\n\t\t\t\t\t<div class=\"elementor-column elementor-col-100 elementor-top-column elementor-element elementor-element-c0e28a1\" data-id=\"c0e28a1\" data-element_type=\"column\">\n\t\t\t<div class=\"elementor-widget-wrap elementor-element-populated\">\n\t\t\t\t<div class=\"elementor-element elementor-element-1b40a37 e-con-full e-flex e-con e-child\" data-id=\"1b40a37\" data-element_type=\"container\">\n\t\t\t\t<div class=\"elementor-element elementor-element-17f2270 elementor-widget elementor-widget-upk-amox-grid\" data-id=\"17f2270\" data-element_type=\"widget\" data-widget_type=\"upk-amox-grid.default\">\n\t\t\t\t\t\t\t<div class=\"upk-amox-grid-container upk-ajax-grid\" data-loadmore=\"[]\">\n\t\t\t<div class=\"upk-amox-grid upk-ajax-grid-wrap\">\n\t\t\t\t\t\t\t\t\t\t\t<div class=\"upk-item \">\n\t\t\t<div class=\"upk-img-wrap\">\n\t\t\t\t<img loading=\"lazy\" decoding=\"async\" width=\"300\" height=\"300\" src=\"https:\/\/www.jahorinatravel.com\/wp-content\/uploads\/2024\/12\/automobil-na-jahorini-zimi-300x300.jpg\" class=\"upk-img\" alt=\"Driving to Jahorina: Recommendations for Quality Fuel and Stations\" srcset=\"https:\/\/www.jahorinatravel.com\/wp-content\/uploads\/2024\/12\/automobil-na-jahorini-zimi-300x300.jpg 300w, https:\/\/www.jahorinatravel.com\/wp-content\/uploads\/2024\/12\/automobil-na-jahorini-zimi-1024x1024.jpg 1024w, https:\/\/www.jahorinatravel.com\/wp-content\/uploads\/2024\/12\/automobil-na-jahorini-zimi-150x150.jpg 150w, https:\/\/www.jahorinatravel.com\/wp-content\/uploads\/2024\/12\/automobil-na-jahorini-zimi-1536x1536.jpg 1536w, https:\/\/www.jahorinatravel.com\/wp-content\/uploads\/2024\/12\/automobil-na-jahorini-zimi-2048x2048.jpg 2048w, https:\/\/www.jahorinatravel.com\/wp-content\/uploads\/2024\/12\/automobil-na-jahorini-zimi-266x266.jpg 266w\" sizes=\"(max-width: 300px) 100vw, 300px\" \/>\t\t\t<\/div>\n\t\t\t<div class=\"upk-content\">\n\t\t\t\t\t\t<div class=\"upk-category\">\n\t\t\t<a href=\"https:\/\/www.jahorinatravel.com\/en\/category\/info\/\">Info<\/a>\t\t<\/div>\n\t\t\t\t\t<h3 class=\"upk-title\"><a href=\"https:\/\/www.jahorinatravel.com\/en\/automobilom-na-jahorinu-preporuka-za-kvalitet-goriva-i-pumpe\/\" title=\"Driving to Jahorina: Recommendations for Quality Fuel and Stations\" class=\"title-animation-underline\" >Driving to Jahorina: Recommendations for Quality Fuel and Stations<\/a><\/h3>\n\t\t\t\t\t\t\t\t<div class=\"upk-meta upk-flex-inline upk-flex-middle\">\n\t\t\t\t\t\t\t<div class=\"upk-date\">\n\t\t\tThursday December  5th, 2024\t\t<\/div>\n\n\t\t\t\t\t\t\t\t\t\t\t\t\t<div data-separator=\".\">\n\t\t\t\t\t\t\n\t\t<div class=\"upk-comments upk-flex upk-flex-middle\">\n\t\t\t<i class=\"upk-icon-post-comments\"><\/i>\n\t\t\t<span>0<\/span>\n\t\t<\/div>\n\n\t\t\t\t\t\t<\/div>\n\t\t\t\t<\/div>\n\t\t\t\t\t\t\t<\/div>\n\t\t<\/div>\n\n\n\t\t\t\t\t\t\t\t\t\t\t\t<div class=\"upk-item \">\n\t\t\t<div class=\"upk-img-wrap\">\n\t\t\t\t<img loading=\"lazy\" decoding=\"async\" width=\"300\" height=\"300\" src=\"https:\/\/www.jahorinatravel.com\/wp-content\/uploads\/2023\/12\/olimpijski-znak-poljice-jahorina-300x300.jpg\" class=\"upk-img\" alt=\"Top 5 destinations you should visit when coming to Jahorina in winter\" srcset=\"https:\/\/www.jahorinatravel.com\/wp-content\/uploads\/2023\/12\/olimpijski-znak-poljice-jahorina-300x300.jpg 300w, https:\/\/www.jahorinatravel.com\/wp-content\/uploads\/2023\/12\/olimpijski-znak-poljice-jahorina-1024x1024.jpg 1024w, https:\/\/www.jahorinatravel.com\/wp-content\/uploads\/2023\/12\/olimpijski-znak-poljice-jahorina-150x150.jpg 150w, https:\/\/www.jahorinatravel.com\/wp-content\/uploads\/2023\/12\/olimpijski-znak-poljice-jahorina-1536x1536.jpg 1536w, https:\/\/www.jahorinatravel.com\/wp-content\/uploads\/2023\/12\/olimpijski-znak-poljice-jahorina-2048x2048.jpg 2048w, https:\/\/www.jahorinatravel.com\/wp-content\/uploads\/2023\/12\/olimpijski-znak-poljice-jahorina-266x266.jpg 266w\" sizes=\"(max-width: 300px) 100vw, 300px\" \/>\t\t\t<\/div>\n\t\t\t<div class=\"upk-content\">\n\t\t\t\t\t\t<div class=\"upk-category\">\n\t\t\t<a href=\"https:\/\/www.jahorinatravel.com\/en\/category\/info\/\">Info<\/a>\t\t<\/div>\n\t\t\t\t\t<h3 class=\"upk-title\"><a href=\"https:\/\/www.jahorinatravel.com\/en\/top-5-destinacija-koje-trebate-posjetiti-kada-dolazite-na-jahorinu-zimi\/\" title=\"Top 5 destinations you should visit when coming to Jahorina in winter\" class=\"title-animation-underline\" >Top 5 destinations you should visit when coming to Jahorina in winter<\/a><\/h3>\n\t\t\t\t\t\t\t\t<div class=\"upk-meta upk-flex-inline upk-flex-middle\">\n\t\t\t\t\t\t\t<div class=\"upk-date\">\n\t\t\tThursday December  7th, 2023\t\t<\/div>\n\n\t\t\t\t\t\t\t\t\t\t\t\t\t<div data-separator=\".\">\n\t\t\t\t\t\t\n\t\t<div class=\"upk-comments upk-flex upk-flex-middle\">\n\t\t\t<i class=\"upk-icon-post-comments\"><\/i>\n\t\t\t<span>0<\/span>\n\t\t<\/div>\n\n\t\t\t\t\t\t<\/div>\n\t\t\t\t<\/div>\n\t\t\t\t\t\t\t<\/div>\n\t\t<\/div>\n\n\n\t\t\t\t\t\t\t\t\t\t\t\t<div class=\"upk-item \">\n\t\t\t<div class=\"upk-img-wrap\">\n\t\t\t\t<img loading=\"lazy\" decoding=\"async\" width=\"300\" height=\"300\" src=\"https:\/\/www.jahorinatravel.com\/wp-content\/uploads\/2023\/12\/DSC_0259b-300x300.jpg\" class=\"upk-img\" alt=\"The best slopes for beginners on Jahorina\" srcset=\"https:\/\/www.jahorinatravel.com\/wp-content\/uploads\/2023\/12\/DSC_0259b-300x300.jpg 300w, https:\/\/www.jahorinatravel.com\/wp-content\/uploads\/2023\/12\/DSC_0259b-1024x1024.jpg 1024w, https:\/\/www.jahorinatravel.com\/wp-content\/uploads\/2023\/12\/DSC_0259b-150x150.jpg 150w, https:\/\/www.jahorinatravel.com\/wp-content\/uploads\/2023\/12\/DSC_0259b-1536x1536.jpg 1536w, https:\/\/www.jahorinatravel.com\/wp-content\/uploads\/2023\/12\/DSC_0259b-2048x2048.jpg 2048w, https:\/\/www.jahorinatravel.com\/wp-content\/uploads\/2023\/12\/DSC_0259b-266x266.jpg 266w\" sizes=\"(max-width: 300px) 100vw, 300px\" \/>\t\t\t<\/div>\n\t\t\t<div class=\"upk-content\">\n\t\t\t\t\t\t<div class=\"upk-category\">\n\t\t\t<a href=\"https:\/\/www.jahorinatravel.com\/en\/category\/info\/\">Info<\/a>\t\t<\/div>\n\t\t\t\t\t<h3 class=\"upk-title\"><a href=\"https:\/\/www.jahorinatravel.com\/en\/najbolje-staze-za-pocetnike-na-jahorini\/\" title=\"The best slopes for beginners on Jahorina\" class=\"title-animation-underline\" >The best slopes for beginners on Jahorina<\/a><\/h3>\n\t\t\t\t\t\t\t\t<div class=\"upk-meta upk-flex-inline upk-flex-middle\">\n\t\t\t\t\t\t\t<div class=\"upk-date\">\n\t\t\tMonday December  4th, 2023\t\t<\/div>\n\n\t\t\t\t\t\t\t\t\t\t\t\t\t<div data-separator=\".\">\n\t\t\t\t\t\t\n\t\t<div class=\"upk-comments upk-flex upk-flex-middle\">\n\t\t\t<i class=\"upk-icon-post-comments\"><\/i>\n\t\t\t<span>0<\/span>\n\t\t<\/div>\n\n\t\t\t\t\t\t<\/div>\n\t\t\t\t<\/div>\n\t\t\t\t\t\t\t<\/div>\n\t\t<\/div>\n\n\n\t\t\t\t\t\t\t\t\t\t\t\t<div class=\"upk-item \">\n\t\t\t<div class=\"upk-img-wrap\">\n\t\t\t\t<img loading=\"lazy\" decoding=\"async\" width=\"300\" height=\"300\" src=\"https:\/\/www.jahorinatravel.com\/wp-content\/uploads\/2023\/11\/porodica-na-jahorini-snijeg-300x300.jpg\" class=\"upk-img\" alt=\"The best tips for traveling to Jahorina with children\" srcset=\"https:\/\/www.jahorinatravel.com\/wp-content\/uploads\/2023\/11\/porodica-na-jahorini-snijeg-300x300.jpg 300w, https:\/\/www.jahorinatravel.com\/wp-content\/uploads\/2023\/11\/porodica-na-jahorini-snijeg-1024x1024.jpg 1024w, https:\/\/www.jahorinatravel.com\/wp-content\/uploads\/2023\/11\/porodica-na-jahorini-snijeg-150x150.jpg 150w, https:\/\/www.jahorinatravel.com\/wp-content\/uploads\/2023\/11\/porodica-na-jahorini-snijeg-1536x1536.jpg 1536w, https:\/\/www.jahorinatravel.com\/wp-content\/uploads\/2023\/11\/porodica-na-jahorini-snijeg-2048x2048.jpg 2048w, https:\/\/www.jahorinatravel.com\/wp-content\/uploads\/2023\/11\/porodica-na-jahorini-snijeg-266x266.jpg 266w\" sizes=\"(max-width: 300px) 100vw, 300px\" \/>\t\t\t<\/div>\n\t\t\t<div class=\"upk-content\">\n\t\t\t\t\t\t<div class=\"upk-category\">\n\t\t\t<a href=\"https:\/\/www.jahorinatravel.com\/en\/category\/info\/\">Info<\/a>\t\t<\/div>\n\t\t\t\t\t<h3 class=\"upk-title\"><a href=\"https:\/\/www.jahorinatravel.com\/en\/najbolji-savjeti-za-putovanje-na-jahorinu-sa-djecom\/\" title=\"The best tips for traveling to Jahorina with children\" class=\"title-animation-underline\" >The best tips for traveling to Jahorina with children<\/a><\/h3>\n\t\t\t\t\t\t\t\t<div class=\"upk-meta upk-flex-inline upk-flex-middle\">\n\t\t\t\t\t\t\t<div class=\"upk-date\">\n\t\t\tSunday December  3rd, 2023\t\t<\/div>\n\n\t\t\t\t\t\t\t\t\t\t\t\t\t<div data-separator=\".\">\n\t\t\t\t\t\t\n\t\t<div class=\"upk-comments upk-flex upk-flex-middle\">\n\t\t\t<i class=\"upk-icon-post-comments\"><\/i>\n\t\t\t<span>0<\/span>\n\t\t<\/div>\n\n\t\t\t\t\t\t<\/div>\n\t\t\t\t<\/div>\n\t\t\t\t\t\t\t<\/div>\n\t\t<\/div>\n\n\n\t\t\t\t\t\t\t\t\t\t\t\t<div class=\"upk-item \">\n\t\t\t<div class=\"upk-img-wrap\">\n\t\t\t\t<img loading=\"lazy\" decoding=\"async\" width=\"300\" height=\"300\" src=\"https:\/\/www.jahorinatravel.com\/wp-content\/uploads\/2023\/11\/znak-opasnost-jahorina-300x300.jpg\" class=\"upk-img\" alt=\"Avalanches &#8211; How to Avoid Them on Jahorina\" srcset=\"https:\/\/www.jahorinatravel.com\/wp-content\/uploads\/2023\/11\/znak-opasnost-jahorina-300x300.jpg 300w, https:\/\/www.jahorinatravel.com\/wp-content\/uploads\/2023\/11\/znak-opasnost-jahorina-1024x1024.jpg 1024w, https:\/\/www.jahorinatravel.com\/wp-content\/uploads\/2023\/11\/znak-opasnost-jahorina-150x150.jpg 150w, https:\/\/www.jahorinatravel.com\/wp-content\/uploads\/2023\/11\/znak-opasnost-jahorina-266x266.jpg 266w\" sizes=\"(max-width: 300px) 100vw, 300px\" \/>\t\t\t<\/div>\n\t\t\t<div class=\"upk-content\">\n\t\t\t\t\t\t<div class=\"upk-category\">\n\t\t\t<a href=\"https:\/\/www.jahorinatravel.com\/en\/category\/info\/\">Info<\/a>\t\t<\/div>\n\t\t\t\t\t<h3 class=\"upk-title\"><a href=\"https:\/\/www.jahorinatravel.com\/en\/lavine-kako-ih-izbjeci-na-jahorini\/\" title=\"Avalanches &#8211; How to Avoid Them on Jahorina\" class=\"title-animation-underline\" >Avalanches &#8211; How to Avoid Them on Jahorina<\/a><\/h3>\n\t\t\t\t\t\t\t\t<div class=\"upk-meta upk-flex-inline upk-flex-middle\">\n\t\t\t\t\t\t\t<div class=\"upk-date\">\n\t\t\tWednesday November 22nd, 2023\t\t<\/div>\n\n\t\t\t\t\t\t\t\t\t\t\t\t\t<div data-separator=\".\">\n\t\t\t\t\t\t\n\t\t<div class=\"upk-comments upk-flex upk-flex-middle\">\n\t\t\t<i class=\"upk-icon-post-comments\"><\/i>\n\t\t\t<span>0<\/span>\n\t\t<\/div>\n\n\t\t\t\t\t\t<\/div>\n\t\t\t\t<\/div>\n\t\t\t\t\t\t\t<\/div>\n\t\t<\/div>\n\n\n\t\t\t\t\t\t\t\t<\/div>\n\t\t<\/div>\n\n\t\t\n\t\t\t\t\t\t<\/div>\n\t\t\t\t<\/div>\n\t\t\t\t\t<\/div>\n\t\t<\/div>\n\t\t\t\t\t<\/div>\n\t\t<\/section>\n\t\t\t\t<section class=\"elementor-section elementor-top-section elementor-element elementor-element-50fce0e1 elementor-section-boxed elementor-section-height-default elementor-section-height-default\" data-id=\"50fce0e1\" data-element_type=\"section\" data-settings=\"{&quot;background_background&quot;:&quot;classic&quot;}\">\n\t\t\t\t\t\t<div class=\"elementor-container elementor-column-gap-default\">\n\t\t\t\t\t<div class=\"elementor-column elementor-col-100 elementor-top-column elementor-element elementor-element-11a1230b\" data-id=\"11a1230b\" data-element_type=\"column\">\n\t\t\t<div class=\"elementor-widget-wrap elementor-element-populated\">\n\t\t\t\t\t\t<div class=\"elementor-element elementor-element-7eeeb146 elementor-widget elementor-widget-heading\" data-id=\"7eeeb146\" data-element_type=\"widget\" data-widget_type=\"heading.default\">\n\t\t\t\t\t<h2 class=\"elementor-heading-title elementor-size-default\">Destinacije<\/h2>\t\t\t\t<\/div>\n\t\t\t\t<div class=\"elementor-element elementor-element-96f3b56 elementor-widget elementor-widget-st_destination\" data-id=\"96f3b56\" data-element_type=\"widget\" data-settings=\"{&quot;layout_style&quot;:&quot;slider&quot;}\" data-widget_type=\"st_destination.default\">\n\t\t\t\t<div class=\"elementor-widget-container\">\n\t\t\t\t\t<div class=\"st-list-destination st-sliders number-6\" data-effect=\"creative\" data-slides-per-view=\"6\" data-pagination=\"off\" data-navigation=\"on\" data-auto-play=\"off\" data-loop=\"false\" data-delay=\"\" data-center-slider=\"off\" data-space-between=\"30\" \"><div class=\"swiper-container\"><div class=\"swiper-wrapper\">            <div class=\"swiper-slide\">\r\n                <div class=\"thumbnail\">\r\n                    <a class=\"st-link\" href=\"https:\/\/www.jahorinatravel.com\/en\/lokacija\/ravna-planina\/\">\r\n                        <img decoding=\"async\" src=\"https:\/\/www.jahorinatravel.com\/wp-content\/uploads\/2023\/11\/ravna-planina-400x400.jpg\" alt=\"Ravna planina\"\r\n                             class=\"img-fluid st-hover-grow\">\r\n                    <\/a>\r\n                <\/div>\r\n                <h3 class=\"title\">\r\n                    <a href=\"https:\/\/www.jahorinatravel.com\/en\/lokacija\/ravna-planina\/\">\r\n                        Ravna planina                    <\/a>\r\n                <\/h3>\r\n                <div class=\"desc\">\r\n                                    <\/div>\r\n            <\/div>\r\n                        <div class=\"swiper-slide\">\r\n                <div class=\"thumbnail\">\r\n                    <a class=\"st-link\" href=\"https:\/\/www.jahorinatravel.com\/en\/lokacija\/ogorjelica-jahorina\/\">\r\n                        <img decoding=\"async\" src=\"https:\/\/www.jahorinatravel.com\/wp-content\/uploads\/2023\/10\/ogorjelica-400x400.jpg\" alt=\"Ogorjelica &#8211; Jahorina\"\r\n                             class=\"img-fluid st-hover-grow\">\r\n                    <\/a>\r\n                <\/div>\r\n                <h3 class=\"title\">\r\n                    <a href=\"https:\/\/www.jahorinatravel.com\/en\/lokacija\/ogorjelica-jahorina\/\">\r\n                        Ogorjelica &#8211; Jahorina                    <\/a>\r\n                <\/h3>\r\n                <div class=\"desc\">\r\n                                    <\/div>\r\n            <\/div>\r\n                        <div class=\"swiper-slide\">\r\n                <div class=\"thumbnail\">\r\n                    <a class=\"st-link\" href=\"https:\/\/www.jahorinatravel.com\/en\/lokacija\/sator-jahorina\/\">\r\n                        <img decoding=\"async\" src=\"https:\/\/www.jahorinatravel.com\/wp-content\/uploads\/2023\/10\/sator-400x400.jpg\" alt=\"\u0160ator &#8211; Jahorina\"\r\n                             class=\"img-fluid st-hover-grow\">\r\n                    <\/a>\r\n                <\/div>\r\n                <h3 class=\"title\">\r\n                    <a href=\"https:\/\/www.jahorinatravel.com\/en\/lokacija\/sator-jahorina\/\">\r\n                        \u0160ator &#8211; Jahorina                    <\/a>\r\n                <\/h3>\r\n                <div class=\"desc\">\r\n                                    <\/div>\r\n            <\/div>\r\n                        <div class=\"swiper-slide\">\r\n                <div class=\"thumbnail\">\r\n                    <a class=\"st-link\" href=\"https:\/\/www.jahorinatravel.com\/en\/lokacija\/rajska-dolina-jahorina\/\">\r\n                        <img decoding=\"async\" src=\"https:\/\/www.jahorinatravel.com\/wp-content\/uploads\/2023\/10\/rajska-dolina-400x400.jpg\" alt=\"Rajska dolina &#8211; Jahorina\"\r\n                             class=\"img-fluid st-hover-grow\">\r\n                    <\/a>\r\n                <\/div>\r\n                <h3 class=\"title\">\r\n                    <a href=\"https:\/\/www.jahorinatravel.com\/en\/lokacija\/rajska-dolina-jahorina\/\">\r\n                        Rajska dolina &#8211; Jahorina                    <\/a>\r\n                <\/h3>\r\n                <div class=\"desc\">\r\n                                    <\/div>\r\n            <\/div>\r\n                        <div class=\"swiper-slide\">\r\n                <div class=\"thumbnail\">\r\n                    <a class=\"st-link\" href=\"https:\/\/www.jahorinatravel.com\/en\/lokacija\/poljice-jahorina\/\">\r\n                        <img decoding=\"async\" src=\"https:\/\/www.jahorinatravel.com\/wp-content\/uploads\/2023\/10\/poljice-400x400.jpg\" alt=\"Poljice &#8211; Jahorina\"\r\n                             class=\"img-fluid st-hover-grow\">\r\n                    <\/a>\r\n                <\/div>\r\n                <h3 class=\"title\">\r\n                    <a href=\"https:\/\/www.jahorinatravel.com\/en\/lokacija\/poljice-jahorina\/\">\r\n                        Poljice &#8211; Jahorina                    <\/a>\r\n                <\/h3>\r\n                <div class=\"desc\">\r\n                                    <\/div>\r\n            <\/div>\r\n                        <div class=\"swiper-slide\">\r\n                <div class=\"thumbnail\">\r\n                    <a class=\"st-link\" href=\"https:\/\/www.jahorinatravel.com\/en\/lokacija\/istocno-sarajevo\/\">\r\n                        <img decoding=\"async\" src=\"https:\/\/www.jahorinatravel.com\/wp-content\/uploads\/2023\/10\/grad-istocno-sarajevo-iz-vazduha-1-400x400.jpg\" alt=\"Isto\u010dno Sarajevo\"\r\n                             class=\"img-fluid st-hover-grow\">\r\n                    <\/a>\r\n                <\/div>\r\n                <h3 class=\"title\">\r\n                    <a href=\"https:\/\/www.jahorinatravel.com\/en\/lokacija\/istocno-sarajevo\/\">\r\n                        Isto\u010dno Sarajevo                    <\/a>\r\n                <\/h3>\r\n                <div class=\"desc\">\r\n                                    <\/div>\r\n            <\/div>\r\n                        <div class=\"swiper-slide\">\r\n                <div class=\"thumbnail\">\r\n                    <a class=\"st-link\" href=\"https:\/\/www.jahorinatravel.com\/en\/lokacija\/sarajevo\/\">\r\n                        <img decoding=\"async\" src=\"https:\/\/www.jahorinatravel.com\/wp-content\/uploads\/2023\/10\/sarajevo-400x400.jpg\" alt=\"Sarajevo\"\r\n                             class=\"img-fluid st-hover-grow\">\r\n                    <\/a>\r\n                <\/div>\r\n                <h3 class=\"title\">\r\n                    <a href=\"https:\/\/www.jahorinatravel.com\/en\/lokacija\/sarajevo\/\">\r\n                        Sarajevo                    <\/a>\r\n                <\/h3>\r\n                <div class=\"desc\">\r\n                                    <\/div>\r\n            <\/div>\r\n                        <div class=\"swiper-slide\">\r\n                <div class=\"thumbnail\">\r\n                    <a class=\"st-link\" href=\"https:\/\/www.jahorinatravel.com\/en\/lokacija\/pale\/\">\r\n                        <img decoding=\"async\" src=\"https:\/\/www.jahorinatravel.com\/wp-content\/uploads\/2023\/10\/pale-400x400.jpg\" alt=\"Pale\"\r\n                             class=\"img-fluid st-hover-grow\">\r\n                    <\/a>\r\n                <\/div>\r\n                <h3 class=\"title\">\r\n                    <a href=\"https:\/\/www.jahorinatravel.com\/en\/lokacija\/pale\/\">\r\n                        Pale                    <\/a>\r\n                <\/h3>\r\n                <div class=\"desc\">\r\n                                    <\/div>\r\n            <\/div>\r\n            <\/div><div class=\"st-button-prev\"><span class=\"stt-icon stt-icon-arrow-left\"><\/span><\/div><div class=\"st-button-next\"><span class=\"stt-icon stt-icon-arrow-right\"><\/span><\/div><\/div><\/div>\t\t\t\t<\/div>\n\t\t\t\t<\/div>\n\t\t\t\t\t<\/div>\n\t\t<\/div>\n\t\t\t\t\t<\/div>\n\t\t<\/section>\n\t\t\t\t<section class=\"elementor-section elementor-top-section elementor-element elementor-element-4d601cde elementor-hidden-widescreen elementor-hidden-desktop elementor-hidden-laptop elementor-hidden-tablet_extra elementor-hidden-tablet elementor-hidden-mobile elementor-section-boxed elementor-section-height-default elementor-section-height-default\" data-id=\"4d601cde\" data-element_type=\"section\">\n\t\t\t\t\t\t<div class=\"elementor-container elementor-column-gap-default\">\n\t\t\t\t\t<div class=\"elementor-column elementor-col-100 elementor-top-column elementor-element elementor-element-3d092ded\" data-id=\"3d092ded\" data-element_type=\"column\">\n\t\t\t<div class=\"elementor-widget-wrap elementor-element-populated\">\n\t\t\t\t\t\t<div class=\"elementor-element elementor-element-50fff05a elementor-widget elementor-widget-heading\" data-id=\"50fff05a\" data-element_type=\"widget\" data-widget_type=\"heading.default\">\n\t\t\t\t\t<h2 class=\"elementor-heading-title elementor-size-default\">Rekli su o nama<\/h2>\t\t\t\t<\/div>\n\t\t\t\t<div class=\"elementor-element elementor-element-c0d76bc elementor-widget elementor-widget-st_testimonial\" data-id=\"c0d76bc\" data-element_type=\"widget\" data-settings=\"{&quot;slides_per_view&quot;:&quot;3&quot;}\" data-widget_type=\"st_testimonial.default\">\n\t\t\t\t<div class=\"elementor-widget-container\">\n\t\t\t\t\t<div class=\"st-testimonial-modern-slider\">\r\n    <div class=\"st-testimonial\" data-effect=\"creative\" data-slides-per-view=\"3\" data-pagination=\"on\" data-navigation=\"on\" data-auto-play=\"off\" data-loop=\"false\" data-delay=\"\">\r\n        <div class=\"service-testimonial-wrapper swiper-container\">\r\n\t\t\t<div class=\"swiper-wrapper\">\r\n                            <div class=\"swiper-slide\">\r\n                    <div class=\"item\">\r\n\r\n                        \r\n                        <p class=\"st-content st-content-lib\">\r\n                            \u201cI stayed over night at the Chelsea apartments on Christmas Eve and it was fantastic. Such a lovely spot, just off the Kings Road  and the location is fantastic.. \u201d                        <\/p>\r\n                        <div class=\"author-meta author-meta-lib\">\r\n                                                                    <i class=\"review-testimonial stt-icon-star1\"><\/i>\r\n                                                                            <i class=\"review-testimonial stt-icon-star1\"><\/i>\r\n                                                                            <i class=\"review-testimonial stt-icon-star1\"><\/i>\r\n                                                                            <i class=\"review-testimonial stt-icon-star1\"><\/i>\r\n                                                                            <i class=\"review-testimonial stt-icon-star1\"><\/i>\r\n                                                                                                    <h4 class=\"name\">Charlesh<\/h4>\r\n                                \r\n                                                                <p class=\"office-testimonial office-testimonial-lib\">Customers in U.S.A<\/p>\r\n                                \r\n                        <\/div>\r\n                    <\/div>\r\n                <\/div>\r\n                            <div class=\"swiper-slide\">\r\n                    <div class=\"item\">\r\n\r\n                        \r\n                        <p class=\"st-content st-content-lib\">\r\n                            \u201cI stayed in the Marylebone ground flor apartment. Its spacious, fully equipped with all the all the needs much better than a hotel, and the location.\u201d                        <\/p>\r\n                        <div class=\"author-meta author-meta-lib\">\r\n                                                                    <i class=\"review-testimonial stt-icon-star1\"><\/i>\r\n                                                                            <i class=\"review-testimonial stt-icon-star1\"><\/i>\r\n                                                                            <i class=\"review-testimonial stt-icon-star1\"><\/i>\r\n                                                                            <i class=\"review-testimonial stt-icon-star1\"><\/i>\r\n                                                                            <i class=\"review-testimonial stt-icon-star1\"><\/i>\r\n                                                                                                    <h4 class=\"name\">Reem A<\/h4>\r\n                                \r\n                                                                <p class=\"office-testimonial office-testimonial-lib\">Customers in U.S.A<\/p>\r\n                                \r\n                        <\/div>\r\n                    <\/div>\r\n                <\/div>\r\n                            <div class=\"swiper-slide\">\r\n                    <div class=\"item\">\r\n\r\n                        \r\n                        <p class=\"st-content st-content-lib\">\r\n                            \u201cI was with my wife in Marylebone Flat last sept 2016 for 10 days. it fantastic, very clean, excellent service of housekeeping, flat equipped with everything.\u201d                        <\/p>\r\n                        <div class=\"author-meta author-meta-lib\">\r\n                                                                    <i class=\"review-testimonial stt-icon-star1\"><\/i>\r\n                                                                            <i class=\"review-testimonial stt-icon-star1\"><\/i>\r\n                                                                            <i class=\"review-testimonial stt-icon-star1\"><\/i>\r\n                                                                            <i class=\"review-testimonial stt-icon-star1\"><\/i>\r\n                                                                            <i class=\"review-testimonial stt-icon-star1\"><\/i>\r\n                                                                                                    <h4 class=\"name\">Darlene Robertson<\/h4>\r\n                                \r\n                                                                <p class=\"office-testimonial office-testimonial-lib\">Customers in U.S.A<\/p>\r\n                                \r\n                        <\/div>\r\n                    <\/div>\r\n                <\/div>\r\n                            <div class=\"swiper-slide\">\r\n                    <div class=\"item\">\r\n\r\n                        \r\n                        <p class=\"st-content st-content-lib\">\r\n                            \u201cI stayed over night at the Chelsea apartments on Christmas Eve and it was fantastic. Such a lovely spot, just off the Kings Road  and the location is fantastic.. \u201d                        <\/p>\r\n                        <div class=\"author-meta author-meta-lib\">\r\n                                                                    <i class=\"review-testimonial stt-icon-star1\"><\/i>\r\n                                                                            <i class=\"review-testimonial stt-icon-star1\"><\/i>\r\n                                                                            <i class=\"review-testimonial stt-icon-star1\"><\/i>\r\n                                                                            <i class=\"review-testimonial stt-icon-star1\"><\/i>\r\n                                                                            <i class=\"review-testimonial stt-icon-star1\"><\/i>\r\n                                                                                                    <h4 class=\"name\">Charlesh<\/h4>\r\n                                \r\n                                                                <p class=\"office-testimonial office-testimonial-lib\">Customers in U.S.A<\/p>\r\n                                \r\n                        <\/div>\r\n                    <\/div>\r\n                <\/div>\r\n                            <div class=\"swiper-slide\">\r\n                    <div class=\"item\">\r\n\r\n                        \r\n                        <p class=\"st-content st-content-lib\">\r\n                            \u201cI stayed in the Marylebone ground flor apartment. Its spacious, fully equipped with all the all the needs much better than a hotel, and the location.\u201d                        <\/p>\r\n                        <div class=\"author-meta author-meta-lib\">\r\n                                                                    <i class=\"review-testimonial stt-icon-star1\"><\/i>\r\n                                                                            <i class=\"review-testimonial stt-icon-star1\"><\/i>\r\n                                                                            <i class=\"review-testimonial stt-icon-star1\"><\/i>\r\n                                                                            <i class=\"review-testimonial stt-icon-star1\"><\/i>\r\n                                                                            <i class=\"review-testimonial stt-icon-star1\"><\/i>\r\n                                                                                                    <h4 class=\"name\">Reem A<\/h4>\r\n                                \r\n                                                                <p class=\"office-testimonial office-testimonial-lib\">Customers in U.S.A<\/p>\r\n                                \r\n                        <\/div>\r\n                    <\/div>\r\n                <\/div>\r\n            \t\t\t<\/div>\r\n        <\/div>\r\n\t\t\t\t<div class=\"swiper-pagination\"><\/div>\r\n\t\t\t\t\t<div class=\"st-button-prev\"><span class=\"stt-icon stt-icon-arrow-left\"><\/span><\/div><div class=\"st-button-next\"><span class=\"stt-icon stt-icon-arrow-right\"><\/span><\/div>\r\n\t\t    <\/div>\r\n<\/div>\r\n\r\n\r\n\t\t\t\t<\/div>\n\t\t\t\t<\/div>\n\t\t\t\t\t<\/div>\n\t\t<\/div>\n\t\t\t\t\t<\/div>\n\t\t<\/section>\n\t\t\t\t<section class=\"elementor-section elementor-top-section elementor-element elementor-element-1ec46aa7 elementor-section-boxed elementor-section-height-default elementor-section-height-default\" data-id=\"1ec46aa7\" data-element_type=\"section\">\n\t\t\t\t\t\t<div class=\"elementor-container elementor-column-gap-default\">\n\t\t\t\t\t<div class=\"elementor-column elementor-col-100 elementor-top-column elementor-element elementor-element-69b66fee\" data-id=\"69b66fee\" data-element_type=\"column\">\n\t\t\t<div class=\"elementor-widget-wrap elementor-element-populated\">\n\t\t\t\t\t\t<section class=\"elementor-section elementor-inner-section elementor-element elementor-element-5d2f7b12 elementor-section-boxed elementor-section-height-default elementor-section-height-default\" data-id=\"5d2f7b12\" data-element_type=\"section\">\n\t\t\t\t\t\t<div class=\"elementor-container elementor-column-gap-default\">\n\t\t\t\t\t<div class=\"elementor-column elementor-col-50 elementor-inner-column elementor-element elementor-element-7b9b2079 overflow-hidden\" data-id=\"7b9b2079\" data-element_type=\"column\" data-settings=\"{&quot;background_background&quot;:&quot;classic&quot;}\">\n\t\t\t<div class=\"elementor-widget-wrap elementor-element-populated\">\n\t\t\t\t\t\t<div class=\"elementor-element elementor-element-c5c69c0 elementor-widget elementor-widget-image\" data-id=\"c5c69c0\" data-element_type=\"widget\" data-widget_type=\"image.default\">\n\t\t\t\t\t\t\t\t\t\t\t\t\t\t\t<img loading=\"lazy\" decoding=\"async\" width=\"1024\" height=\"1024\" src=\"https:\/\/www.jahorinatravel.com\/wp-content\/uploads\/2023\/11\/skijasi-na-sestosjedu-Ogorjelica-na-Jahorini-1024x1024.jpg\" class=\"attachment-large size-large wp-image-15297\" alt=\"Skija\u0161i na \u0161estosjedu Ogorjelica na Jahorini\" srcset=\"https:\/\/www.jahorinatravel.com\/wp-content\/uploads\/2023\/11\/skijasi-na-sestosjedu-Ogorjelica-na-Jahorini-1024x1024.jpg 1024w, https:\/\/www.jahorinatravel.com\/wp-content\/uploads\/2023\/11\/skijasi-na-sestosjedu-Ogorjelica-na-Jahorini-300x300.jpg 300w, https:\/\/www.jahorinatravel.com\/wp-content\/uploads\/2023\/11\/skijasi-na-sestosjedu-Ogorjelica-na-Jahorini-150x150.jpg 150w, https:\/\/www.jahorinatravel.com\/wp-content\/uploads\/2023\/11\/skijasi-na-sestosjedu-Ogorjelica-na-Jahorini-1536x1536.jpg 1536w, https:\/\/www.jahorinatravel.com\/wp-content\/uploads\/2023\/11\/skijasi-na-sestosjedu-Ogorjelica-na-Jahorini-2048x2048.jpg 2048w\" sizes=\"(max-width: 1024px) 100vw, 1024px\" \/>\t\t\t\t\t\t\t\t\t\t\t\t\t\t\t<\/div>\n\t\t\t\t\t<\/div>\n\t\t<\/div>\n\t\t\t\t<div class=\"elementor-column elementor-col-50 elementor-inner-column elementor-element elementor-element-77ea27e0\" data-id=\"77ea27e0\" data-element_type=\"column\" data-settings=\"{&quot;background_background&quot;:&quot;classic&quot;}\">\n\t\t\t<div class=\"elementor-widget-wrap elementor-element-populated\">\n\t\t\t\t\t\t<div class=\"elementor-element elementor-element-20eef1c8 elementor-widget elementor-widget-heading\" data-id=\"20eef1c8\" data-element_type=\"widget\" data-widget_type=\"heading.default\">\n\t\t\t\t\t<h2 class=\"elementor-heading-title elementor-size-default\">Pretplatite se na novosti<\/h2>\t\t\t\t<\/div>\n\t\t\t\t<div class=\"elementor-element elementor-element-349f6b2a elementor-widget elementor-widget-heading\" data-id=\"349f6b2a\" data-element_type=\"widget\" data-widget_type=\"heading.default\">\n\t\t\t\t\t<p class=\"elementor-heading-title elementor-size-default\">\u017delite biti u toku \u0161ta se de\u0161ava na Jahorini, o pogodnostima rezervacije ski opreme, smje\u0161taja... ?<\/p>\t\t\t\t<\/div>\n\t\t\t\t<div class=\"elementor-element elementor-element-7688ff2b elementor-widget elementor-widget-shortcode\" data-id=\"7688ff2b\" data-element_type=\"widget\" data-widget_type=\"shortcode.default\">\n\t\t\t\t\t\t\t<div class=\"elementor-shortcode\"><script>(function() {\n\twindow.mc4wp = window.mc4wp || {\n\t\tlisteners: [],\n\t\tforms: {\n\t\t\ton: function(evt, cb) {\n\t\t\t\twindow.mc4wp.listeners.push(\n\t\t\t\t\t{\n\t\t\t\t\t\tevent   : evt,\n\t\t\t\t\t\tcallback: cb\n\t\t\t\t\t}\n\t\t\t\t);\n\t\t\t}\n\t\t}\n\t}\n})();\n<\/script><!-- Mailchimp for WordPress v4.10.8 - https:\/\/wordpress.org\/plugins\/mailchimp-for-wp\/ --><form id=\"mc4wp-form-1\" class=\"mc4wp-form mc4wp-form-14298\" method=\"post\" data-id=\"14298\" data-name=\"Jahorina Travel\" ><div class=\"mc4wp-form-fields\"><div class=\"stt-mailchimp-form\">\r\n    <input type=\"email\" name=\"EMAIL\" class=\"form-control\" placeholder=\"Email Address\">\r\n    <input type=\"submit\" name=\"submit\" value=\"Subscribe\">\r\n<\/div> <\/div><label style=\"display: none !important;\">Leave this field empty if you're human: <input type=\"text\" name=\"_mc4wp_honeypot\" value=\"\" tabindex=\"-1\" autocomplete=\"off\" \/><\/label><input type=\"hidden\" name=\"_mc4wp_timestamp\" value=\"1777559707\" \/><input type=\"hidden\" name=\"_mc4wp_form_id\" value=\"14298\" \/><input type=\"hidden\" name=\"_mc4wp_form_element_id\" value=\"mc4wp-form-1\" \/><div class=\"mc4wp-response\"><\/div><\/form><!-- \/ Mailchimp for WordPress Plugin --><\/div>\n\t\t\t\t\t\t<\/div>\n\t\t\t\t\t<\/div>\n\t\t<\/div>\n\t\t\t\t\t<\/div>\n\t\t<\/section>\n\t\t\t\t\t<\/div>\n\t\t<\/div>\n\t\t\t\t\t<\/div>\n\t\t<\/section>\n\t\t\t\t<\/div>\n\t\t","protected":false},"excerpt":{"rendered":"<p>Novosti Zimska bajka: Jahorina pod 25 centimetara snijega! subota oktobar 4th, 2025 Ski destinacije Ski sezona 2025\/26 po\u010dinje \u2013 prvi skija\u0161i ve\u0107 na gle\u010derima Evrope \u010detvrtak oktobar 2nd, 2025 Novosti Jahorina rano zabijelila \u2014 prvi snijeg ve\u0107 u oktobru! \u010detvrtak oktobar 2nd, 2025 Priroda Gola Jahorina i dalje budi strahopo\u0161tovanje subota septembar 27th, 2025 Novosti [&hellip;]<\/p>\n","protected":false},"author":2,"featured_media":14359,"parent":0,"menu_order":0,"comment_status":"closed","ping_status":"closed","template":"template-blank.php","meta":{"footnotes":""},"class_list":["post-240","page","type-page","status-publish","has-post-thumbnail","hentry"],"yoast_head":"<!-- This site is optimized with the Yoast SEO plugin v26.3 - https:\/\/yoast.com\/wordpress\/plugins\/seo\/ -->\n<title>Home - Jahorina Travel<\/title>\n<meta name=\"robots\" content=\"index, follow, max-snippet:-1, max-image-preview:large, max-video-preview:-1\" \/>\n<link rel=\"canonical\" href=\"https:\/\/www.jahorinatravel.com\/en\/\" \/>\n<meta property=\"og:locale\" content=\"en_US\" \/>\n<meta property=\"og:type\" content=\"article\" \/>\n<meta property=\"og:title\" content=\"Home - Jahorina Travel\" \/>\n<meta property=\"og:description\" content=\"Novosti Zimska bajka: Jahorina pod 25 centimetara snijega! subota oktobar 4th, 2025 Ski destinacije Ski sezona 2025\/26 po\u010dinje \u2013 prvi skija\u0161i ve\u0107 na gle\u010derima Evrope \u010detvrtak oktobar 2nd, 2025 Novosti Jahorina rano zabijelila \u2014 prvi snijeg ve\u0107 u oktobru! \u010detvrtak oktobar 2nd, 2025 Priroda Gola Jahorina i dalje budi strahopo\u0161tovanje subota septembar 27th, 2025 Novosti [&hellip;]\" \/>\n<meta property=\"og:url\" content=\"https:\/\/www.jahorinatravel.com\/en\/\" \/>\n<meta property=\"og:site_name\" content=\"Jahorina Travel\" \/>\n<meta property=\"article:modified_time\" content=\"2025-10-04T15:12:37+00:00\" \/>\n<meta property=\"og:image\" content=\"https:\/\/www.jahorinatravel.com\/wp-content\/uploads\/2023\/10\/jahorina-travel-header-scaled.jpg\" \/>\n\t<meta property=\"og:image:width\" content=\"2560\" \/>\n\t<meta property=\"og:image:height\" content=\"533\" \/>\n\t<meta property=\"og:image:type\" content=\"image\/jpeg\" \/>\n<meta name=\"twitter:card\" content=\"summary_large_image\" \/>\n<meta name=\"twitter:label1\" content=\"Est. reading time\" \/>\n\t<meta name=\"twitter:data1\" content=\"3 minutes\" \/>\n<script type=\"application\/ld+json\" class=\"yoast-schema-graph\">{\"@context\":\"https:\/\/schema.org\",\"@graph\":[{\"@type\":\"WebPage\",\"@id\":\"https:\/\/www.jahorinatravel.com\/en\/\",\"url\":\"https:\/\/www.jahorinatravel.com\/en\/\",\"name\":\"Home - Jahorina Travel\",\"isPartOf\":{\"@id\":\"https:\/\/www.jahorinatravel.com\/en\/#website\"},\"primaryImageOfPage\":{\"@id\":\"https:\/\/www.jahorinatravel.com\/en\/#primaryimage\"},\"image\":{\"@id\":\"https:\/\/www.jahorinatravel.com\/#primaryimage\"},\"thumbnailUrl\":\"https:\/\/www.jahorinatravel.com\/wp-content\/uploads\/2023\/10\/jahorina-travel-header-scaled.jpg\",\"datePublished\":\"2022-05-30T10:30:17+00:00\",\"dateModified\":\"2025-10-04T15:12:37+00:00\",\"breadcrumb\":{\"@id\":\"https:\/\/www.jahorinatravel.com\/en\/#breadcrumb\"},\"inLanguage\":\"en-US\",\"potentialAction\":[{\"@type\":\"ReadAction\",\"target\":[[\"https:\/\/www.jahorinatravel.com\/en\/\"]]}]},{\"@type\":\"ImageObject\",\"inLanguage\":\"en-US\",\"@id\":\"https:\/\/www.jahorinatravel.com\/en\/#primaryimage\",\"url\":\"https:\/\/www.jahorinatravel.com\/wp-content\/uploads\/2023\/10\/jahorina-travel-header-scaled.jpg\",\"contentUrl\":\"https:\/\/www.jahorinatravel.com\/wp-content\/uploads\/2023\/10\/jahorina-travel-header-scaled.jpg\",\"width\":2560,\"height\":533},{\"@type\":\"BreadcrumbList\",\"@id\":\"https:\/\/www.jahorinatravel.com\/en\/#breadcrumb\",\"itemListElement\":[{\"@type\":\"ListItem\",\"position\":1,\"name\":\"Home\",\"item\":\"https:\/\/www.jahorinatravel.com\/en\/\"},{\"@type\":\"ListItem\",\"position\":2,\"name\":\"Po\u010detna\"}]},{\"@type\":\"WebSite\",\"@id\":\"https:\/\/www.jahorinatravel.com\/en\/#website\",\"url\":\"https:\/\/www.jahorinatravel.com\/en\/\",\"name\":\"Jahorina Travel\",\"description\":\"Reliable source of information from the mountain\",\"publisher\":{\"@id\":\"https:\/\/www.jahorinatravel.com\/en\/#organization\"},\"potentialAction\":[{\"@type\":\"SearchAction\",\"target\":{\"@type\":\"EntryPoint\",\"urlTemplate\":\"https:\/\/www.jahorinatravel.com\/en\/?s={search_term_string}\"},\"query-input\":{\"@type\":\"PropertyValueSpecification\",\"valueRequired\":true,\"valueName\":\"search_term_string\"}}],\"inLanguage\":\"en-US\"},{\"@type\":\"Organization\",\"@id\":\"https:\/\/www.jahorinatravel.com\/en\/#organization\",\"name\":\"Jahorina Travel\",\"url\":\"https:\/\/www.jahorinatravel.com\/en\/\",\"logo\":{\"@type\":\"ImageObject\",\"inLanguage\":\"en-US\",\"@id\":\"https:\/\/www.jahorinatravel.com\/en\/#\/schema\/logo\/image\/\",\"url\":\"https:\/\/www.jahorinatravel.com\/wp-content\/uploads\/2023\/10\/cropped-jahorina-travel-logo.jpg\",\"contentUrl\":\"https:\/\/www.jahorinatravel.com\/wp-content\/uploads\/2023\/10\/cropped-jahorina-travel-logo.jpg\",\"width\":512,\"height\":512,\"caption\":\"Jahorina Travel\"},\"image\":{\"@id\":\"https:\/\/www.jahorinatravel.com\/en\/#\/schema\/logo\/image\/\"}}]}<\/script>\n<!-- \/ Yoast SEO plugin. -->","yoast_head_json":{"title":"Home - Jahorina Travel","robots":{"index":"index","follow":"follow","max-snippet":"max-snippet:-1","max-image-preview":"max-image-preview:large","max-video-preview":"max-video-preview:-1"},"canonical":"https:\/\/www.jahorinatravel.com\/en\/","og_locale":"en_US","og_type":"article","og_title":"Home - Jahorina Travel","og_description":"Novosti Zimska bajka: Jahorina pod 25 centimetara snijega! subota oktobar 4th, 2025 Ski destinacije Ski sezona 2025\/26 po\u010dinje \u2013 prvi skija\u0161i ve\u0107 na gle\u010derima Evrope \u010detvrtak oktobar 2nd, 2025 Novosti Jahorina rano zabijelila \u2014 prvi snijeg ve\u0107 u oktobru! \u010detvrtak oktobar 2nd, 2025 Priroda Gola Jahorina i dalje budi strahopo\u0161tovanje subota septembar 27th, 2025 Novosti [&hellip;]","og_url":"https:\/\/www.jahorinatravel.com\/en\/","og_site_name":"Jahorina Travel","article_modified_time":"2025-10-04T15:12:37+00:00","og_image":[{"width":2560,"height":533,"url":"https:\/\/www.jahorinatravel.com\/wp-content\/uploads\/2023\/10\/jahorina-travel-header-scaled.jpg","type":"image\/jpeg"}],"twitter_card":"summary_large_image","twitter_misc":{"Est. reading time":"3 minutes"},"schema":{"@context":"https:\/\/schema.org","@graph":[{"@type":"WebPage","@id":"https:\/\/www.jahorinatravel.com\/en\/","url":"https:\/\/www.jahorinatravel.com\/en\/","name":"Home - Jahorina Travel","isPartOf":{"@id":"https:\/\/www.jahorinatravel.com\/en\/#website"},"primaryImageOfPage":{"@id":"https:\/\/www.jahorinatravel.com\/en\/#primaryimage"},"image":{"@id":"https:\/\/www.jahorinatravel.com\/#primaryimage"},"thumbnailUrl":"https:\/\/www.jahorinatravel.com\/wp-content\/uploads\/2023\/10\/jahorina-travel-header-scaled.jpg","datePublished":"2022-05-30T10:30:17+00:00","dateModified":"2025-10-04T15:12:37+00:00","breadcrumb":{"@id":"https:\/\/www.jahorinatravel.com\/en\/#breadcrumb"},"inLanguage":"en-US","potentialAction":[{"@type":"ReadAction","target":[["https:\/\/www.jahorinatravel.com\/en\/"]]}]},{"@type":"ImageObject","inLanguage":"en-US","@id":"https:\/\/www.jahorinatravel.com\/en\/#primaryimage","url":"https:\/\/www.jahorinatravel.com\/wp-content\/uploads\/2023\/10\/jahorina-travel-header-scaled.jpg","contentUrl":"https:\/\/www.jahorinatravel.com\/wp-content\/uploads\/2023\/10\/jahorina-travel-header-scaled.jpg","width":2560,"height":533},{"@type":"BreadcrumbList","@id":"https:\/\/www.jahorinatravel.com\/en\/#breadcrumb","itemListElement":[{"@type":"ListItem","position":1,"name":"Home","item":"https:\/\/www.jahorinatravel.com\/en\/"},{"@type":"ListItem","position":2,"name":"Po\u010detna"}]},{"@type":"WebSite","@id":"https:\/\/www.jahorinatravel.com\/en\/#website","url":"https:\/\/www.jahorinatravel.com\/en\/","name":"Jahorina Travel","description":"Reliable source of information from the mountain","publisher":{"@id":"https:\/\/www.jahorinatravel.com\/en\/#organization"},"potentialAction":[{"@type":"SearchAction","target":{"@type":"EntryPoint","urlTemplate":"https:\/\/www.jahorinatravel.com\/en\/?s={search_term_string}"},"query-input":{"@type":"PropertyValueSpecification","valueRequired":true,"valueName":"search_term_string"}}],"inLanguage":"en-US"},{"@type":"Organization","@id":"https:\/\/www.jahorinatravel.com\/en\/#organization","name":"Jahorina Travel","url":"https:\/\/www.jahorinatravel.com\/en\/","logo":{"@type":"ImageObject","inLanguage":"en-US","@id":"https:\/\/www.jahorinatravel.com\/en\/#\/schema\/logo\/image\/","url":"https:\/\/www.jahorinatravel.com\/wp-content\/uploads\/2023\/10\/cropped-jahorina-travel-logo.jpg","contentUrl":"https:\/\/www.jahorinatravel.com\/wp-content\/uploads\/2023\/10\/cropped-jahorina-travel-logo.jpg","width":512,"height":512,"caption":"Jahorina Travel"},"image":{"@id":"https:\/\/www.jahorinatravel.com\/en\/#\/schema\/logo\/image\/"}}]}},"_links":{"self":[{"href":"https:\/\/www.jahorinatravel.com\/en\/wp-json\/wp\/v2\/pages\/240","targetHints":{"allow":["GET"]}}],"collection":[{"href":"https:\/\/www.jahorinatravel.com\/en\/wp-json\/wp\/v2\/pages"}],"about":[{"href":"https:\/\/www.jahorinatravel.com\/en\/wp-json\/wp\/v2\/types\/page"}],"author":[{"embeddable":true,"href":"https:\/\/www.jahorinatravel.com\/en\/wp-json\/wp\/v2\/users\/2"}],"replies":[{"embeddable":true,"href":"https:\/\/www.jahorinatravel.com\/en\/wp-json\/wp\/v2\/comments?post=240"}],"version-history":[{"count":241,"href":"https:\/\/www.jahorinatravel.com\/en\/wp-json\/wp\/v2\/pages\/240\/revisions"}],"predecessor-version":[{"id":16695,"href":"https:\/\/www.jahorinatravel.com\/en\/wp-json\/wp\/v2\/pages\/240\/revisions\/16695"}],"wp:featuredmedia":[{"embeddable":true,"href":"https:\/\/www.jahorinatravel.com\/en\/wp-json\/wp\/v2\/media\/14359"}],"wp:attachment":[{"href":"https:\/\/www.jahorinatravel.com\/en\/wp-json\/wp\/v2\/media?parent=240"}],"curies":[{"name":"wp","href":"https:\/\/api.w.org\/{rel}","templated":true}]}}